{"version":"1.0","provider_name":"RetailDetail BE","provider_url":"https:\/\/www.retaildetail.be\/fr\/","author_name":"dev@grandiz.com","author_url":"https:\/\/www.retaildetail.be\/fr\/author\/devgrandiz-com\/","title":"Electro D\u00e9p\u00f4t fait son entr\u00e9e en Belgique - RetailDetail BE","type":"rich","width":600,"height":338,"html":"<blockquote class=\"wp-embedded-content\" data-secret=\"PFlw8qTjW9\"><a href=\"https:\/\/www.retaildetail.be\/fr\/news\/electro\/electro-depot-fait-son-entree-en-belgique\/\">Electro D\u00e9p\u00f4t fait son entr\u00e9e en Belgique<\/a><\/blockquote><iframe sandbox=\"allow-scripts\" security=\"restricted\" src=\"https:\/\/www.retaildetail.be\/fr\/news\/electro\/electro-depot-fait-son-entree-en-belgique\/embed\/#?secret=PFlw8qTjW9\" width=\"600\" height=\"338\" title=\"\u00ab\u00a0Electro D\u00e9p\u00f4t fait son entr\u00e9e en Belgique\u00a0\u00bb &#8212; RetailDetail BE\" data-secret=\"PFlw8qTjW9\" frameborder=\"0\" marginwidth=\"0\" marginheight=\"0\" scrolling=\"no\" class=\"wp-embedded-content\"><\/iframe><script type=\"text\/javascript\">\n\/* <![CDATA[ *\/\n\/*! This file is auto-generated *\/\n!function(d,l){\"use strict\";l.querySelector&&d.addEventListener&&\"undefined\"!=typeof URL&&(d.wp=d.wp||{},d.wp.receiveEmbedMessage||(d.wp.receiveEmbedMessage=function(e){var t=e.data;if((t||t.secret||t.message||t.value)&&!\/[^a-zA-Z0-9]\/.test(t.secret)){for(var s,r,n,a=l.querySelectorAll('iframe[data-secret=\"'+t.secret+'\"]'),o=l.querySelectorAll('blockquote[data-secret=\"'+t.secret+'\"]'),c=new RegExp(\"^https?:$\",\"i\"),i=0;i<o.length;i++)o[i].style.display=\"none\";for(i=0;i<a.length;i++)s=a[i],e.source===s.contentWindow&&(s.removeAttribute(\"style\"),\"height\"===t.message?(1e3<(r=parseInt(t.value,10))?r=1e3:~~r<200&&(r=200),s.height=r):\"link\"===t.message&&(r=new URL(s.getAttribute(\"src\")),n=new URL(t.value),c.test(n.protocol))&&n.host===r.host&&l.activeElement===s&&(d.top.location.href=t.value))}},d.addEventListener(\"message\",d.wp.receiveEmbedMessage,!1),l.addEventListener(\"DOMContentLoaded\",function(){for(var e,t,s=l.querySelectorAll(\"iframe.wp-embedded-content\"),r=0;r<s.length;r++)(t=(e=s[r]).getAttribute(\"data-secret\"))||(t=Math.random().toString(36).substring(2,12),e.src+=\"#?secret=\"+t,e.setAttribute(\"data-secret\",t)),e.contentWindow.postMessage({message:\"ready\",secret:t},\"*\")},!1)))}(window,document);\n\/\/# sourceURL=https:\/\/www.retaildetail.be\/wp-includes\/js\/wp-embed.min.js\n\/* ]]> *\/\n<\/script>\n","thumbnail_url":"https:\/\/i0.wp.com\/www.retaildetail.be\/wp-content\/uploads\/2022\/04\/logo.png?fit=281%2C147&quality=100&strip=all&ssl=1","thumbnail_width":281,"thumbnail_height":147,"description":"\u00ab Le Colruyt de l\u2019\u00e9lectro \u00bb Selon les journaux l\u2019Echo et De Tijd, Electro D\u00e9p\u00f4t aurait jet\u00e9 son d\u00e9volu sur notre pays. L\u2019ann\u00e9e derni\u00e8re le groupe avait d\u00e9j\u00e0 fond\u00e9 une filiale belge \u00e0 Tournai, avec \u00e0 sa t\u00eate J\u00e9r\u00f4me Legrand, ancien responsable d\u2019Electro D\u00e9p\u00f4t dans la r\u00e9gion parisienne. Sa mission : d\u00e9ployer l\u2019enseigne en Belgique. [&hellip;]"}