{"version":"1.0","provider_name":"RetailDetail BE","provider_url":"https:\/\/www.retaildetail.be\/fr\/","author_name":"dev@grandiz.com","author_url":"https:\/\/www.retaildetail.be\/fr\/author\/devgrandiz-com\/","title":"Ouverture du 35\u00e8me Delitraiteur belge \u00e0 Uccle - RetailDetail BE","type":"rich","width":600,"height":338,"html":"<blockquote class=\"wp-embedded-content\" data-secret=\"m1fS9SKmRI\"><a href=\"https:\/\/www.retaildetail.be\/fr\/news\/food\/ouverture-du-35eme-delitraiteur-belge-a-uccle\/\">Ouverture du 35\u00e8me Delitraiteur belge \u00e0 Uccle<\/a><\/blockquote><iframe sandbox=\"allow-scripts\" security=\"restricted\" src=\"https:\/\/www.retaildetail.be\/fr\/news\/food\/ouverture-du-35eme-delitraiteur-belge-a-uccle\/embed\/#?secret=m1fS9SKmRI\" width=\"600\" height=\"338\" title=\"\u00ab\u00a0Ouverture du 35\u00e8me Delitraiteur belge \u00e0 Uccle\u00a0\u00bb &#8212; RetailDetail BE\" data-secret=\"m1fS9SKmRI\" frameborder=\"0\" marginwidth=\"0\" marginheight=\"0\" scrolling=\"no\" class=\"wp-embedded-content\"><\/iframe><script type=\"text\/javascript\">\n\/* <![CDATA[ *\/\n\/*! This file is auto-generated *\/\n!function(d,l){\"use strict\";l.querySelector&&d.addEventListener&&\"undefined\"!=typeof URL&&(d.wp=d.wp||{},d.wp.receiveEmbedMessage||(d.wp.receiveEmbedMessage=function(e){var t=e.data;if((t||t.secret||t.message||t.value)&&!\/[^a-zA-Z0-9]\/.test(t.secret)){for(var s,r,n,a=l.querySelectorAll('iframe[data-secret=\"'+t.secret+'\"]'),o=l.querySelectorAll('blockquote[data-secret=\"'+t.secret+'\"]'),c=new RegExp(\"^https?:$\",\"i\"),i=0;i<o.length;i++)o[i].style.display=\"none\";for(i=0;i<a.length;i++)s=a[i],e.source===s.contentWindow&&(s.removeAttribute(\"style\"),\"height\"===t.message?(1e3<(r=parseInt(t.value,10))?r=1e3:~~r<200&&(r=200),s.height=r):\"link\"===t.message&&(r=new URL(s.getAttribute(\"src\")),n=new URL(t.value),c.test(n.protocol))&&n.host===r.host&&l.activeElement===s&&(d.top.location.href=t.value))}},d.addEventListener(\"message\",d.wp.receiveEmbedMessage,!1),l.addEventListener(\"DOMContentLoaded\",function(){for(var e,t,s=l.querySelectorAll(\"iframe.wp-embedded-content\"),r=0;r<s.length;r++)(t=(e=s[r]).getAttribute(\"data-secret\"))||(t=Math.random().toString(36).substring(2,12),e.src+=\"#?secret=\"+t,e.setAttribute(\"data-secret\",t)),e.contentWindow.postMessage({message:\"ready\",secret:t},\"*\")},!1)))}(window,document);\n\/\/# sourceURL=https:\/\/www.retaildetail.be\/wp-includes\/js\/wp-embed.min.js\n\/* ]]> *\/\n<\/script>\n","thumbnail_url":"https:\/\/i0.wp.com\/www.retaildetail.be\/wp-content\/uploads\/2022\/04\/logo.png?fit=281%2C147&quality=100&strip=all&ssl=1","thumbnail_width":281,"thumbnail_height":147,"description":"4.000 r\u00e9f\u00e9rences sur 350 m\u00b2 Le nouveau Delitraiteur s\u2019installe dans les locaux de l\u2019ancien caviste et n\u00e9gociant Le Cellier (Fourcroy) et propose sur 350 m\u00b2 non seulement son assortiment alimentaire habituel comptant quelque 4.000 r\u00e9f\u00e9rences \u2013 y compris les 200 repas du type \u2018pr\u00eat \u00e0 manger\u2019 et \u2018pr\u00eat \u00e0 r\u00e9chauffer\u2019 \u2013 , mais \u00e9galement un [&hellip;]"}