{"id":124156,"date":"2025-08-01T13:34:26","date_gmt":"2025-08-01T11:34:26","guid":{"rendered":"https:\/\/www.retaildetail.be\/?post_type=event&#038;p=124156"},"modified":"2025-11-14T12:37:51","modified_gmt":"2025-11-14T11:37:51","slug":"retaildetail-night-2025-fr","status":"publish","type":"event","link":"https:\/\/www.retaildetail.be\/fr\/retail-events\/retaildetail-night-2025-fr\/","title":{"rendered":"RETAILDETAIL NIGHT 2025"},"content":{"rendered":"\n<p style=\"font-size:18px\"><strong>Le jeudi 20 novembre, RetailDetail organise la treizi\u00e8me \u00e9dition de la RetailDetail Night, la f\u00eate de fin d&rsquo;ann\u00e9e incontournable du secteur du commerce de d\u00e9tail au Benelux.<\/strong><\/p>\n\n\n\n<h3 class=\"wp-block-heading\" style=\"font-size:18px\"><strong>En bref :<\/strong><\/h3>\n\n\n\n<p><\/p>\n\n\n\n<ul class=\"wp-block-list\">\n<li style=\"font-size:18px\"><strong>Quand?<\/strong> Jeudi 20 novembre2025<\/li>\n\n\n\n<li style=\"font-size:18px\"><strong>O\u00f9?<\/strong> Dans la salle unique de la Bourse d&rsquo;Anvers<\/li>\n\n\n\n<li style=\"font-size:18px\"><strong>Avec qui? <\/strong>Plus de 400 professionnels du commerce de d\u00e9tail B2B !<\/li>\n\n\n\n<li style=\"font-size:18px\"><strong>Agenda?<\/strong> Choix entre deux programmes pr\u00e9liminaires dans l&rsquo;apr\u00e8s-midi, suivis d&rsquo;un d\u00eener assis \u00e0 des tables de 10 personnes. Ensuite, un buffet de desserts \u00e0 d\u00e9guster en d\u00e9ambulant, id\u00e9al pour r\u00e9seauter !<\/li>\n\n\n\n<li style=\"font-size:18px\">Une <strong>programme principal<\/strong> comprenant notamment Wouter Kolk (ancien PDG d&rsquo;Ahold Delhaize Europe &amp; Indon\u00e9sie), MediaMarkt (Olivier van den Bossche), Carrefour (Geoffroy Gersdorff), JBC (Ana\u00efs Claes), Trendwolves (Tom Palmaerts), Gino Van Ossel (Aper\u00e7u annuel du commerce de d\u00e9tail) et bien d&rsquo;autres encore !<\/li>\n<\/ul>\n\n\n\n<div style=\"height:20px\" aria-hidden=\"true\" class=\"wp-block-spacer\"><\/div>\n\n\n\n<div class=\"wp-block-columns is-layout-flex wp-container-core-columns-is-layout-9d6595d7 wp-block-columns-is-layout-flex\">\n<div class=\"wp-block-column is-layout-flow wp-block-column-is-layout-flow\">\n<h3 class=\"wp-block-heading has-text-align-center has-vivid-red-color has-text-color has-link-color wp-elements-b10e7091edf0d0d9f58f30c95107bea2\" style=\"font-size:18px\"><strong><strong><strong><strong><strong>COMMENT PARTICIPER \u00c0 L&rsquo;\u00c9V\u00c9NEMENT ?<\/strong><\/strong><\/strong><\/strong><\/strong><\/h3>\n\n\n\n<div style=\"height:20px\" aria-hidden=\"true\" class=\"wp-block-spacer\"><\/div>\n\n\n\n<ol style=\"font-size:16px\" class=\"wp-block-list\">\n<li style=\"font-size:18px\">Commandez un billet individuel, comprenant le pr\u00e9-programme et le programme principal, ainsi que le d\u00eener.<br><\/li>\n\n\n\n<li style=\"font-size:18px\">Commandez une table personnalis\u00e9e (10 personnes) pour votre entreprise. C&rsquo;est le moment id\u00e9al pour terminer l&rsquo;ann\u00e9e positivement avec votre \u00e9quipe et\/ou vos proches. Vos 10 invit\u00e9s auront ainsi acc\u00e8s \u00e0 l&rsquo;ensemble de l&rsquo;\u00e9v\u00e9nement, y compris le d\u00eener.<\/li>\n<\/ol>\n<\/div>\n\n\n\n<div class=\"wp-block-column is-layout-flow wp-block-column-is-layout-flow\">\n<h3 class=\"wp-block-heading has-text-align-center has-vivid-red-color has-text-color has-link-color wp-elements-6b3d5077ad748620d20c2bd905543bcd\" style=\"font-size:19px\"><strong>REVOIR L&rsquo;AFTERMOVIE 2024<\/strong><\/h3>\n\n\n\n<figure class=\"wp-block-embed is-type-video is-provider-vimeo wp-block-embed-vimeo wp-embed-aspect-16-9 wp-has-aspect-ratio\"><div class=\"wp-block-embed__wrapper\">\n<iframe loading=\"lazy\" src=\"https:\/\/player.vimeo.com\/video\/1106254714?dnt=1&amp;app_id=122963\" width=\"500\" height=\"281\" frameborder=\"0\" allow=\"autoplay; fullscreen; picture-in-picture; clipboard-write; encrypted-media; web-share\" referrerpolicy=\"strict-origin-when-cross-origin\"><\/iframe>\n<\/div><\/figure>\n<\/div>\n<\/div>\n\n\n\n<div style=\"height:20px\" aria-hidden=\"true\" class=\"wp-block-spacer\"><\/div>\n\n\n\n<figure class=\"wp-block-table has-medium-font-size\"><table class=\"has-white-color has-black-background-color has-text-color has-background\"><tbody><tr><td class=\"has-text-align-center\" data-align=\"center\"><strong><strong>Commandez vos billets ou table<\/strong><\/strong> <strong>ici<\/strong>:<\/td><\/tr><\/tbody><\/table><\/figure>\n\n\n\n<div id=\"eventbrite-widget-container-1549177514649\"><\/div>\n\n<script src=\"https:\/\/www.eventbrite.be\/static\/widgets\/eb_widgets.js\"><\/script>\n\n<script type=\"text\/javascript\">\n    var exampleCallback = function() {\n        console.log('Order complete!');\n    };\n\n    window.EBWidgets.createWidget({\n        \/\/ Required\n        widgetType: 'checkout',\n        eventId: '1549177514649',\n        iframeContainerId: 'eventbrite-widget-container-1549177514649',\n\n        \/\/ Optional\n        iframeContainerHeight: 425,  \/\/ Widget height in pixels. Defaults to a minimum of 425px if not provided\n        onOrderComplete: exampleCallback  \/\/ Method called when an order has successfully completed\n    });\n<\/script>\n\n\n\n<div style=\"height:20px\" aria-hidden=\"true\" class=\"wp-block-spacer\"><\/div>\n\n\n\n<h1 class=\"wp-block-heading has-text-color\" style=\"color:#ed2724\"><strong><strong><strong>PROGRAMME PRINCIPAL<\/strong><\/strong><\/strong><\/h1>\n\n\n\n<p style=\"font-size:16px\">Au cours de cette \u00e9dition, nous vous proposons un programme principal avec des intervenants renomm\u00e9s du secteur de la vente au d\u00e9tail.<\/p>\n\n\n\n<div class=\"wp-block-media-text alignfull is-stacked-on-mobile is-vertically-aligned-center\"><figure class=\"wp-block-media-text__media\"><img loading=\"lazy\" decoding=\"async\" width=\"1024\" height=\"613\" src=\"https:\/\/www.retaildetail.be\/wp-content\/uploads\/2025\/07\/Wouter-Kolk-Carrefour-1024x613.png\" alt=\"\" class=\"wp-image-132551 size-full\" srcset=\"https:\/\/www.retaildetail.be\/wp-content\/uploads\/2025\/07\/Wouter-Kolk-Carrefour-1024x613.png 1024w, https:\/\/www.retaildetail.be\/wp-content\/uploads\/2025\/07\/Wouter-Kolk-Carrefour-300x180.png 300w, https:\/\/www.retaildetail.be\/wp-content\/uploads\/2025\/07\/Wouter-Kolk-Carrefour-768x460.png 768w, https:\/\/www.retaildetail.be\/wp-content\/uploads\/2025\/07\/Wouter-Kolk-Carrefour-1536x920.png 1536w, https:\/\/www.retaildetail.be\/wp-content\/uploads\/2025\/07\/Wouter-Kolk-Carrefour-218x131.png 218w, https:\/\/www.retaildetail.be\/wp-content\/uploads\/2025\/07\/Wouter-Kolk-Carrefour.png 1920w\" sizes=\"auto, (max-width: 1024px) 100vw, 1024px\" \/><\/figure><div class=\"wp-block-media-text__content\">\n<p class=\"has-text-align-left\" style=\"font-size:16px\"><strong>Wouter Kolk <\/strong>compte parmi les poids lourds de la distribution europ\u00e9enne. Il a fait carri\u00e8re chez Ahold Delhaize, o\u00f9 il a dirig\u00e9 Gall &amp; Gall, Etos et Albert Heijn, avant de devenir CEO Europe &amp; Indon\u00e9sie et de superviser plus de dix enseignes dans neuf pays. Auparavant, il a \u00e9galement pris la t\u00eate de WE Fashion. Fort de son exp\u00e9rience internationale, de sa vision strat\u00e9gique et de son regard aiguis\u00e9 sur l\u2019avenir du retail, il sait imposer le rythme. Lors de la RetailDetail Night 2025, il dialoguera en toute franchise \u2013 non seulement sur sc\u00e8ne, mais aussi directement avec le public.<\/p>\n\n\n\n<p class=\"has-text-align-left\" style=\"font-size:16px\">En 2022, <strong>Geoffroy Gersdorff <\/strong>est devenu le premier CEO belge de <strong>Carrefour Belgique,<\/strong> l&rsquo;entreprise o\u00f9 il a d\u00e9but\u00e9 sa carri\u00e8re en 1997 (alors encore sous le nom de GB) et o\u00f9 il a occup\u00e9 diverses fonctions, tant en Belgique qu&rsquo;au niveau du groupe. Il a r\u00e9ussi \u00e0 redresser la situation et \u00e0 sortir le d\u00e9taillant du rouge l&rsquo;ann\u00e9e derni\u00e8re. Fort de sa riche exp\u00e9rience internationale, il est en mesure d&rsquo;apporter des \u00e9claircissements sur les tendances et les d\u00e9fis qui caract\u00e9risent aujourd&rsquo;hui le secteur de la distribution.<\/p>\n\n\n\n<p style=\"font-size:16px\"><\/p>\n<\/div><\/div>\n\n\n\n<div class=\"wp-block-media-text alignfull has-media-on-the-right is-stacked-on-mobile is-vertically-aligned-center\"><div class=\"wp-block-media-text__content\">\n<p class=\"has-text-align-left\" style=\"font-size:16px\">Depuis le 11 ao\u00fbt 2025, <strong>Olivier van den Bossche est General Managing Director Benelux chez MediaMarkt<\/strong>, o\u00f9 il occupe \u00e9galement la fonction de Country Manager Sales. Ce dirigeant belge a construit une carri\u00e8re internationale chez Rituals, Metro AG et Galeria Inno, et a r\u00e9cemment dirig\u00e9 Galeria Karstadt Kaufhof. Gr\u00e2ce \u00e0 sa connaissance approfondie du march\u00e9 du Benelux et \u00e0 sa vaste exp\u00e9rience dans le retail, il sait allier strat\u00e9gie et ex\u00e9cution op\u00e9rationnelle avec aisance. Lors de la RetailDetail Night, il partagera son exp\u00e9rience sans d\u00e9tour.<\/p>\n\n\n\n<p style=\"font-size:16px\">Lors de la RetailDetail Night, <strong>Ana\u00efs Claes<\/strong>, Sustainability Manager chez <strong>Claes Retail Group<\/strong> (JBC, Mayerline et CKS), participera \u00e0 la table ronde organis\u00e9e dans le cadre du programme de la soir\u00e9e. Aux c\u00f4t\u00e9s d&rsquo;Olivier van den Bossche (MediaMarkt) et de Wouter Kolk (ex-Ahold Delhaize), entre autres, elle partagera sa vision de l&rsquo;avenir du commerce de d\u00e9tail.<\/p>\n\n\n\n<p style=\"font-size:16px\"><br>Claes est responsable de la politique de d\u00e9veloppement durable au sein des marques de mode du groupe, en accordant une attention particuli\u00e8re \u00e0 l&rsquo;impact \u00e9cologique et social. Sous sa coordination, le Claes Retail Group a obtenu en 2024 la note \u00ab Good \u00bb au Fair Wear Brand Performance Check, soit la meilleure note jamais obtenue \u00e0 ce jour. Sa contribution promet d&rsquo;apporter un regard neuf sur la mani\u00e8re dont les entreprises de distribution peuvent se pr\u00e9parer pour l&rsquo;avenir, de l&rsquo;usine au magasin.<\/p>\n<\/div><figure class=\"wp-block-media-text__media\"><img loading=\"lazy\" decoding=\"async\" width=\"1024\" height=\"613\" src=\"https:\/\/www.retaildetail.be\/wp-content\/uploads\/2025\/08\/MediaMarkt-jbc-3-1024x613.png\" alt=\"\" class=\"wp-image-134396 size-full\" srcset=\"https:\/\/www.retaildetail.be\/wp-content\/uploads\/2025\/08\/MediaMarkt-jbc-3-1024x613.png 1024w, https:\/\/www.retaildetail.be\/wp-content\/uploads\/2025\/08\/MediaMarkt-jbc-3-300x180.png 300w, https:\/\/www.retaildetail.be\/wp-content\/uploads\/2025\/08\/MediaMarkt-jbc-3-768x460.png 768w, https:\/\/www.retaildetail.be\/wp-content\/uploads\/2025\/08\/MediaMarkt-jbc-3-1536x920.png 1536w, https:\/\/www.retaildetail.be\/wp-content\/uploads\/2025\/08\/MediaMarkt-jbc-3-218x131.png 218w, https:\/\/www.retaildetail.be\/wp-content\/uploads\/2025\/08\/MediaMarkt-jbc-3.png 1920w\" sizes=\"auto, (max-width: 1024px) 100vw, 1024px\" \/><\/figure><\/div>\n\n\n\n<div class=\"wp-block-media-text alignfull is-stacked-on-mobile is-vertically-aligned-center\"><figure class=\"wp-block-media-text__media\"><img loading=\"lazy\" decoding=\"async\" width=\"1024\" height=\"613\" src=\"https:\/\/www.retaildetail.be\/wp-content\/uploads\/2025\/07\/Visa-Gino-1024x613.png\" alt=\"\" class=\"wp-image-132553 size-full\" srcset=\"https:\/\/www.retaildetail.be\/wp-content\/uploads\/2025\/07\/Visa-Gino-1024x613.png 1024w, https:\/\/www.retaildetail.be\/wp-content\/uploads\/2025\/07\/Visa-Gino-300x180.png 300w, https:\/\/www.retaildetail.be\/wp-content\/uploads\/2025\/07\/Visa-Gino-768x460.png 768w, https:\/\/www.retaildetail.be\/wp-content\/uploads\/2025\/07\/Visa-Gino-1536x920.png 1536w, https:\/\/www.retaildetail.be\/wp-content\/uploads\/2025\/07\/Visa-Gino-218x131.png 218w, https:\/\/www.retaildetail.be\/wp-content\/uploads\/2025\/07\/Visa-Gino.png 1920w\" sizes=\"auto, (max-width: 1024px) 100vw, 1024px\" \/><\/figure><div class=\"wp-block-media-text__content\">\n<p class=\"has-text-align-left\" style=\"font-size:16px\"><strong>Peter Theunis (Visa)<\/strong> est un leader reconnu dans le secteur des paiements et des technologies financi\u00e8res, avec plus de 25 ans d&rsquo;exp\u00e9rience dans les domaines de la banque num\u00e9rique, de l&rsquo;inclusion financi\u00e8re et des paiements transfrontaliers.<\/p>\n\n\n\n<p class=\"has-text-align-left\" style=\"font-size:16px\">Au cours de sa carri\u00e8re, il a occup\u00e9 des postes de direction en Europe, au Moyen-Orient et dans la r\u00e9gion APAC, et a jou\u00e9 un r\u00f4le central dans l&rsquo;\u00e9laboration de la croissance strat\u00e9gique et de l&rsquo;innovation dans le secteur financier. Il a occup\u00e9 des postes de direction chez BPC Banking Technologies, Endava, AEDP\/Minist\u00e8re des Finances des \u00c9mirats arabes unis, TAS Group, OpenWay et Clear2Pay, et a cofond\u00e9 deux entreprises prosp\u00e8res, Integri et Radar Payments. Son expertise couvre l&rsquo;\u00e9mission de cartes, l&rsquo;acquisition de commer\u00e7ants, la conformit\u00e9 aux normes et l&rsquo;\u00e9cosyst\u00e8me plus large des paiements num\u00e9riques. Peter apporte une vision avant-gardiste au secteur, ax\u00e9e sur la transformation par la technologie, la promotion de l&rsquo;inclusion financi\u00e8re et la cr\u00e9ation d&rsquo;\u00e9cosyst\u00e8mes collaboratifs qui soutiennent une croissance durable.<\/p>\n\n\n\n<p class=\"has-text-align-left\" style=\"font-size:16px\"><strong>Gino Van Ossel (professeur \u00e0 la Vlerick Business School)<\/strong> allie rigueur acad\u00e9mique et sens aigu de la pratique. Auteur de plusieurs ouvrages et conf\u00e9rencier tr\u00e8s sollicit\u00e9 sur le comportement des consommateurs, l\u2019omnicanal et la strat\u00e9gie retail, il est r\u00e9put\u00e9 pour ses analyses claires et son style atypique. Lors de la RetailDetail Night 2025, il proposera \u00e0 nouveau son bilan annuel du secteur.<\/p>\n<\/div><\/div>\n\n\n\n<div class=\"wp-block-media-text alignfull has-media-on-the-right is-stacked-on-mobile is-vertically-aligned-center\"><div class=\"wp-block-media-text__content\">\n<p class=\"has-text-align-left\" style=\"font-size:16px\">\u00cates-vous pr\u00eat pour l&rsquo;avenir ? Vous h\u00e9sitez \u00e0 r\u00e9pondre ? Ce n&rsquo;est pas grave. La vie va parfois si vite que l&rsquo;avenir nous donne le vertige. Mais alors, comment se pr\u00e9parer pour l&rsquo;avenir ?<\/p>\n\n\n\n<p class=\"has-text-align-left\" style=\"font-size:16px\"><strong>Tom Palmaerts <\/strong>parcourt le monde depuis des ann\u00e9es avec un seul objectif : donner envie aux gens de se tourner vers l&rsquo;avenir. Nous ne pouvons pas pr\u00e9dire l&rsquo;avenir, mais en repla\u00e7ant les petites fluctuations dans le contexte des grandes \u00e9volutions et tendances, nous pouvons imaginer des futurs possibles. Tom Palmaerts \u00e9tudie les ph\u00e9nom\u00e8nes sociaux qui seront importants au cours des dix prochaines ann\u00e9es. Il aime jouer avec la r\u00e9flexion prospective&#8230; mais celle-ci n&rsquo;est int\u00e9ressante que si nous pouvons la mettre en pratique d\u00e8s aujourd&rsquo;hui.<\/p>\n\n\n\n<p style=\"font-size:16px\"><strong>BD Media<\/strong>, leader du march\u00e9 dans la distribution de la communication toutes-bo\u00eetes, pr\u00e9sente les derniers r\u00e9sultats de la Leaflet Attitude Study, d\u00e9velopp\u00e9e en collaboration avec <strong>NIQ<\/strong>. Lors de cette session, la Directrice G\u00e9n\u00e9rale <strong>Leen Dehantschutter<\/strong> partagera des insights marquants sur l\u2019\u00e9volution des attitudes des consommateurs et la pertinence continue des folders dans le paysage m\u00e9diatique. Comme le veut la tradition, la s\u00e9ance se cl\u00f4turera par la remise des prix des meilleurs folders de l\u2019ann\u00e9e.<\/p>\n<\/div><figure class=\"wp-block-media-text__media\"><img loading=\"lazy\" decoding=\"async\" width=\"1024\" height=\"613\" src=\"https:\/\/www.retaildetail.be\/wp-content\/uploads\/2025\/07\/Trendwolves-BD-1024x613.png\" alt=\"\" class=\"wp-image-133913 size-full\" srcset=\"https:\/\/www.retaildetail.be\/wp-content\/uploads\/2025\/07\/Trendwolves-BD-1024x613.png 1024w, https:\/\/www.retaildetail.be\/wp-content\/uploads\/2025\/07\/Trendwolves-BD-300x180.png 300w, https:\/\/www.retaildetail.be\/wp-content\/uploads\/2025\/07\/Trendwolves-BD-768x460.png 768w, https:\/\/www.retaildetail.be\/wp-content\/uploads\/2025\/07\/Trendwolves-BD-1536x920.png 1536w, https:\/\/www.retaildetail.be\/wp-content\/uploads\/2025\/07\/Trendwolves-BD-218x131.png 218w, https:\/\/www.retaildetail.be\/wp-content\/uploads\/2025\/07\/Trendwolves-BD.png 1920w\" sizes=\"auto, (max-width: 1024px) 100vw, 1024px\" \/><\/figure><\/div>\n\n\n\n<div style=\"height:20px\" aria-hidden=\"true\" class=\"wp-block-spacer\"><\/div>\n\n\n\n<p style=\"font-size:16px\"><\/p>\n\n\n\n<h1 class=\"wp-block-heading has-text-color\" style=\"color:#ed2724\"><strong><strong>PRE-PROGRAMMES<\/strong><\/strong><\/h1>\n\n\n\n<p style=\"font-size:16px\">Lors de la RetailDetail Night, vous aurez le choix entre deux programmes th\u00e9matiques en d\u00e9but d&rsquo;apr\u00e8s-midi : <\/p>\n\n\n\n<ol class=\"wp-block-list\">\n<li style=\"font-size:16px\">\u201cFail forward\u201d: l&rsquo;\u00e9chec comme source d&rsquo;apprentissage<\/li>\n\n\n\n<li style=\"font-size:16px\">Gamechangers<\/li>\n<\/ol>\n\n\n\n<h3 class=\"wp-block-heading\">1\/ \u00ab\u00a0FAIL FORWARD\u00a0\u00bb: L&rsquo;\u00e9CHEC COMME SOURCE D&rsquo;APPRENTISSAGE<\/h3>\n\n\n\n<p style=\"font-size:16px\">Nous tr\u00e9buchons tous \u00e0 un moment ou \u00e0 un autre. L&rsquo;\u00e9chec ne doit pas n\u00e9cessairement \u00eatre une exp\u00e9rience n\u00e9gative : il peut \u00eatre une source d&rsquo;inspiration pour la croissance et le d\u00e9veloppement. L&rsquo;erreur est humaine et c&rsquo;est souvent des erreurs que l&rsquo;on apprend le plus. Pourtant, les entrepreneurs h\u00e9sitent souvent \u00e0 partager les le\u00e7ons qu&rsquo;ils ont tir\u00e9es de leurs \u00e9checs. C&rsquo;est dommage, n&rsquo;est-ce pas ?<\/p>\n\n\n\n<p style=\"font-size:16px\">RetailDetail a recherch\u00e9 et trouv\u00e9 quelques d\u00e9taillants courageux qui \u00e9taient pr\u00eats \u00e0 t\u00e9moigner de leurs \u00e9checs inspirants. Dans ce programme pr\u00e9liminaire, pas de pr\u00e9sentations PowerPoint sophistiqu\u00e9es : nos participants s&rsquo;engagent dans une conversation ouverte avec le mod\u00e9rateur Stefan Van Rompaey, avec leurs coll\u00e8gues et avec vous, le public.<\/p>\n\n\n\n<p style=\"font-size:16px\">\u00ab Apprenez des erreurs des autres. Vous ne vivrez pas assez longtemps pour toutes les commettre vous-m\u00eame. \u00bb (Eleanor Roosevelt)<\/p>\n\n\n\n<p style=\"font-size:16px\"><strong>MEMBRES DU PANEL<\/strong><\/p>\n\n\n\n<div class=\"wp-block-media-text alignfull is-stacked-on-mobile is-vertically-aligned-center\"><figure class=\"wp-block-media-text__media\"><img loading=\"lazy\" decoding=\"async\" width=\"1024\" height=\"613\" src=\"https:\/\/www.retaildetail.be\/wp-content\/uploads\/2025\/07\/Cameleon-Hopr-1-1024x613.png\" alt=\"\" class=\"wp-image-129677 size-full\" srcset=\"https:\/\/www.retaildetail.be\/wp-content\/uploads\/2025\/07\/Cameleon-Hopr-1-1024x613.png 1024w, https:\/\/www.retaildetail.be\/wp-content\/uploads\/2025\/07\/Cameleon-Hopr-1-300x180.png 300w, https:\/\/www.retaildetail.be\/wp-content\/uploads\/2025\/07\/Cameleon-Hopr-1-768x460.png 768w, https:\/\/www.retaildetail.be\/wp-content\/uploads\/2025\/07\/Cameleon-Hopr-1-1536x920.png 1536w, https:\/\/www.retaildetail.be\/wp-content\/uploads\/2025\/07\/Cameleon-Hopr-1-218x131.png 218w, https:\/\/www.retaildetail.be\/wp-content\/uploads\/2025\/07\/Cameleon-Hopr-1.png 1920w\" sizes=\"auto, (max-width: 1024px) 100vw, 1024px\" \/><\/figure><div class=\"wp-block-media-text__content\">\n<p class=\"has-text-align-left\" style=\"font-size:16px\"><strong>Pascale Switten<\/strong><\/p>\n\n\n\n<p class=\"has-text-align-left\" style=\"font-size:16px\">La faillite de <strong>Cameleon <\/strong>a \u00e9t\u00e9 une exp\u00e9rience marquante pour la PDG Pascale Switten : \u00ab Avec mon partenaire et une \u00e9quipe d\u00e9vou\u00e9e, j&rsquo;ai travaill\u00e9 avec conviction \u00e0 une transformation durable. Nous avons cherch\u00e9 intens\u00e9ment des solutions financi\u00e8res, mais les d\u00e9fis structurels se sont av\u00e9r\u00e9s trop importants. Pourtant, c&rsquo;est la fiert\u00e9 qui pr\u00e9domine : fiert\u00e9 de nos collaborateurs, de nos valeurs et de notre r\u00e9silience. \u00bb Elle souhaite partager cette exp\u00e9rience lors de la RetailDetail Night, \u00e0 titre de r\u00e9flexion et d&rsquo;inspiration.<\/p>\n\n\n\n<p class=\"has-text-align-left\" style=\"font-size:16px\"><strong>Stijn Martens<\/strong><\/p>\n\n\n\n<p class=\"has-text-align-left\" style=\"font-size:16px\">Pionnier du premier supermarch\u00e9 en ligne flamand, <strong>Hopr<\/strong>. Lanc\u00e9 en 2021, il a cess\u00e9 ses activit\u00e9s en 2025 apr\u00e8s un \u00ab parcours riche en enseignements \u00bb.<\/p>\n<\/div><\/div>\n\n\n\n<div class=\"wp-block-media-text alignfull has-media-on-the-right is-stacked-on-mobile is-vertically-aligned-center\"><div class=\"wp-block-media-text__content\">\n<p class=\"has-text-align-left\" style=\"font-size:16px\"><strong>Mark MJ Vandevelde<\/strong><\/p>\n\n\n\n<p class=\"has-text-align-left\" style=\"font-size:16px\">Co-fondateur de la marque de baskets durables <strong>Komrads<\/strong>, qui a jet\u00e9 l&rsquo;\u00e9ponge en ao\u00fbt 2025 dans un contexte \u00e9conomique d\u00e9favorable.<\/p>\n\n\n\n<p class=\"has-text-align-left\" style=\"font-size:16px\"><strong>Alain Hellebaut<\/strong><\/p>\n\n\n\n<p class=\"has-text-align-left\" style=\"font-size:16px\">\u00ab La seule v\u00e9ritable erreur est de ne rien entreprendre ou essayer par peur d&rsquo;\u00e9chouer \u00bb, d\u00e9clare <strong>Alain Hellebaut<\/strong>, qui, fort de sa riche exp\u00e9rience en tant que directeur, notamment avec le red\u00e9marrage r\u00e9ussi de <strong>Maxi Toys<\/strong>, partagera quelques pr\u00e9cieuses le\u00e7ons tir\u00e9es de la crise dans ce programme pr\u00e9liminaire.<\/p>\n<\/div><figure class=\"wp-block-media-text__media\"><img loading=\"lazy\" decoding=\"async\" width=\"1024\" height=\"613\" src=\"https:\/\/www.retaildetail.be\/wp-content\/uploads\/2025\/07\/Comrads-Maxi-Toys-1024x613.png\" alt=\"\" class=\"wp-image-132557 size-full\" srcset=\"https:\/\/www.retaildetail.be\/wp-content\/uploads\/2025\/07\/Comrads-Maxi-Toys-1024x613.png 1024w, https:\/\/www.retaildetail.be\/wp-content\/uploads\/2025\/07\/Comrads-Maxi-Toys-300x180.png 300w, https:\/\/www.retaildetail.be\/wp-content\/uploads\/2025\/07\/Comrads-Maxi-Toys-768x460.png 768w, https:\/\/www.retaildetail.be\/wp-content\/uploads\/2025\/07\/Comrads-Maxi-Toys-1536x920.png 1536w, https:\/\/www.retaildetail.be\/wp-content\/uploads\/2025\/07\/Comrads-Maxi-Toys-218x131.png 218w, https:\/\/www.retaildetail.be\/wp-content\/uploads\/2025\/07\/Comrads-Maxi-Toys.png 1920w\" sizes=\"auto, (max-width: 1024px) 100vw, 1024px\" \/><\/figure><\/div>\n\n\n\n<h3 class=\"wp-block-heading\">2\/ GAMECHANGERS<\/h3>\n\n\n\n<p style=\"font-size:16px\">Au cours du programme pr\u00e9liminaire Gamechangers, quatre discours seront prononc\u00e9s. Chaque intervenant pr\u00e9sentera un r\u00e9cit inspirant.<\/p>\n\n\n\n<p style=\"font-size:16px\">D\u00e9j\u00e0 confirm\u00e9:<\/p>\n\n\n\n<div class=\"wp-block-media-text alignfull is-stacked-on-mobile is-vertically-aligned-center\"><figure class=\"wp-block-media-text__media\"><img loading=\"lazy\" decoding=\"async\" width=\"1024\" height=\"613\" src=\"https:\/\/www.retaildetail.be\/wp-content\/uploads\/2025\/07\/Q8-Xandres-1024x613.png\" alt=\"\" class=\"wp-image-131670 size-full\" srcset=\"https:\/\/www.retaildetail.be\/wp-content\/uploads\/2025\/07\/Q8-Xandres-1024x613.png 1024w, https:\/\/www.retaildetail.be\/wp-content\/uploads\/2025\/07\/Q8-Xandres-300x180.png 300w, https:\/\/www.retaildetail.be\/wp-content\/uploads\/2025\/07\/Q8-Xandres-768x460.png 768w, https:\/\/www.retaildetail.be\/wp-content\/uploads\/2025\/07\/Q8-Xandres-1536x920.png 1536w, https:\/\/www.retaildetail.be\/wp-content\/uploads\/2025\/07\/Q8-Xandres-218x131.png 218w, https:\/\/www.retaildetail.be\/wp-content\/uploads\/2025\/07\/Q8-Xandres.png 1920w\" sizes=\"auto, (max-width: 1024px) 100vw, 1024px\" \/><\/figure><div class=\"wp-block-media-text__content\">\n<p class=\"has-text-align-left\" style=\"font-size:16px\"><strong>Stefanie Grijp<\/strong><\/p>\n\n\n\n<p class=\"has-text-align-left\" style=\"font-size:16px\"><strong>Stefanie Grijp<\/strong> est responsable commerciale des concepts de magasins Shop&amp;Go et The Shop de <strong>Q8 <\/strong>en Belgique et au Luxembourg. Elle travaille chez Q8 depuis six ans et participe depuis un an et demi \u00e0 la mise en \u0153uvre d&rsquo;un changement strat\u00e9gique dans l&rsquo;approche commerciale de Q8.<\/p>\n\n\n\n<p class=\"has-text-align-left\" style=\"font-size:16px\"><strong>Willem Wijnen<\/strong><\/p>\n\n\n\n<p class=\"has-text-align-left\" style=\"font-size:16px\">Lors de la RetailDetail Night, <strong>Willem Wijnen<\/strong> revient sur sa premi\u00e8re ann\u00e9e en tant que PDG de <strong>Xandres<\/strong>. Ce N\u00e9erlandais au parcours impressionnant dans le secteur de la mode, de The Sting et Men at Work \u00e0 Van de Velde, est un pionnier qui mise chez Xandres sur une mode intemporelle et durable, du programme de r\u00e9paration \u00ab Repair &amp; Care \u00bb aux initiatives de seconde main de Xandres Preloved. \u00ab Nous ne sommes pas une marque \u00e9cologique \u00bb, d\u00e9clare l&rsquo;entreprise, \u00ab mais nous nous effor\u00e7ons chaque jour de faire mieux \u00bb.<\/p>\n\n\n\n<p class=\"has-text-align-left\" style=\"font-size:16px\"><br>Le discours d&rsquo;ouverture promet d&rsquo;offrir un aper\u00e7u inspirant de la mani\u00e8re dont Xandres parvient \u00e0 allier tradition, innovation et responsabilit\u00e9 dans un monde de la mode en pleine mutation.<\/p>\n<\/div><\/div>\n\n\n\n<div class=\"wp-block-media-text alignfull has-media-on-the-right is-stacked-on-mobile is-vertically-aligned-center\"><div class=\"wp-block-media-text__content\">\n<p class=\"has-text-align-left\" style=\"font-size:16px\"><strong>Eric Spapens<\/strong><\/p>\n\n\n\n<p class=\"has-text-align-left\" style=\"font-size:16px\"><strong>Eric Spapens<\/strong> est Head of Business Development pour <strong>Visa<\/strong> en Belgique et au Luxembourg, bas\u00e9 \u00e0 Bruxelles. Leader dans le secteur des paiements avec plus de dix ans d\u2019exp\u00e9rience, il aide les entreprises \u00e0 adopter l\u2019innovation dans le commerce et les transactions digitales.<br>Chez Visa, Eric dirige des initiatives strat\u00e9giques visant \u00e0 renforcer les partenariats avec les commer\u00e7ants, les acqu\u00e9reurs, les fintechs et les institutions financi\u00e8res. Il a d\u00e9but\u00e9 sa carri\u00e8re dans le commerce de d\u00e9tail chez <strong>Decathlon<\/strong>, a contribu\u00e9 \u00e0 la digitalisation de l\u2019\u00e9lectronique grand public chez <strong>Sony<\/strong> et <strong>Orange<\/strong>, et a pr\u00e9c\u00e9demment occup\u00e9 des postes de direction chez <strong>Worldline<\/strong>.<\/p>\n\n\n\n<p class=\"has-text-align-left\" style=\"font-size:16px\"><\/p>\n<\/div><figure class=\"wp-block-media-text__media\"><img loading=\"lazy\" decoding=\"async\" width=\"1024\" height=\"613\" src=\"https:\/\/www.retaildetail.be\/wp-content\/uploads\/2025\/07\/Visa-1-1024x613.png\" alt=\"\" class=\"wp-image-133921 size-full\" srcset=\"https:\/\/www.retaildetail.be\/wp-content\/uploads\/2025\/07\/Visa-1-1024x613.png 1024w, https:\/\/www.retaildetail.be\/wp-content\/uploads\/2025\/07\/Visa-1-300x180.png 300w, https:\/\/www.retaildetail.be\/wp-content\/uploads\/2025\/07\/Visa-1-768x460.png 768w, https:\/\/www.retaildetail.be\/wp-content\/uploads\/2025\/07\/Visa-1-1536x920.png 1536w, https:\/\/www.retaildetail.be\/wp-content\/uploads\/2025\/07\/Visa-1-218x131.png 218w, https:\/\/www.retaildetail.be\/wp-content\/uploads\/2025\/07\/Visa-1.png 1920w\" sizes=\"auto, (max-width: 1024px) 100vw, 1024px\" \/><\/figure><\/div>\n\n\n\n<h1 class=\"wp-block-heading has-text-color\" style=\"color:#ed2724\"><strong><strong>HORAIRES<\/strong><\/strong><\/h1>\n\n\n\n<h2 class=\"wp-block-heading has-black-color has-text-color\"><strong><strong>HORAIRE PRE-PROGRAMME<\/strong><\/strong>S<\/h2>\n\n\n\n<p style=\"font-size:16px\"><strong>TIMETABLE PREPROGRAM:&nbsp; FAIL FORWARD&nbsp;<\/strong><\/p>\n\n\n\n<p style=\"font-size:16px\">14h00 \u2013 14h30: Welcome @ Handelsbeurs<br>14h40 \u2013 15h00: Alain Hellebaut<br>15h00 \u2013 15h20: Pascale Switten<br>15h20 \u2013 15h40: Stijn Martens<br>15h40 \u2013 16h20: Break<br>16h20 &#8211; 16h40: Mark MJ Vandevelde<br>16h40 &#8211; 17h20: Panel + Recap<br>17h20 \u2013 18h00: Reception main program<\/p>\n\n\n\n<p><strong>TIMETABLE PREPROGRAM: GAMECHANGERS<\/strong><\/p>\n\n\n\n<p style=\"font-size:16px\">14h00 \u2013 14h30: Welcome @ Handelsbeurs<br>14h40 \u2013 15h10: Q8 &#8211; Stefanie Grijp<br>15h10 \u2013 15h40: Xandres &#8211; Willem Wijnen<br>15h40 \u2013 16h20: Break<br>16h20 \u2013 16h45: RetailDetail &#8211; Jorg Snoeck<br>16h45 \u2013 17h15: Visa &#8211; Eric Spapens<br>17h15 &#8211; 18h00: Reception main program<\/p>\n\n\n\n<p style=\"font-size:16px\"><\/p>\n\n\n\n<h2 class=\"wp-block-heading has-black-color has-text-color\"><strong><strong><strong>HORAIRE PROGRAMME PRINCIPAL<\/strong><\/strong><\/strong><\/h2>\n\n\n\n<p style=\"font-size:16px\">17h30 \u2013 18h00: Reception<br>18h00 \u2013 18h15: Welcome by Visa<br>18h15 \u2013 18h35: Gino Van Ossel &#8211; Retail year overview<br>18h35 \u2013 19h00: Panel Debate<br>19h00 \u2013 19h50: First course<br>19h50 \u2013 20h20: Tom Palmaerts<br>20h20 \u2013 21h00: Main course<br>21h00 \u2013 21h20: Folder van het Jaar awards<br>21h20 \u2013 23h00: Dessert buffet + Networking<\/p>\n\n\n\n<p style=\"font-size:16px\"><\/p>\n\n\n\n<h1 class=\"wp-block-heading has-text-color\" style=\"color:#ed2724\"><strong><strong><strong><strong>PRATIQUE<\/strong><\/strong><\/strong><\/strong><\/h1>\n\n\n\n<p style=\"font-size:16px\"><strong>Date<\/strong>: jeudi 20 novembre 2025<\/p>\n\n\n\n<p style=\"font-size:16px\"><strong>Lieu<\/strong>: Handelsbeurs Antwerpen<\/p>\n\n\n\n<p style=\"font-size:16px\"><strong>Adresse<\/strong>: Borzestraat 31, 2000 Antwerpen<\/p>\n\n\n\n<p style=\"font-size:16px\"><strong>Heure de d\u00e9but: <\/strong>14h00<\/p>\n\n\n\n<h1 class=\"wp-block-heading has-text-color\" style=\"color:#ed2724\"><strong><strong>SUPPORTED BY<\/strong><\/strong><\/h1>\n\n\n\n<p><\/p>\n\n\n\n<div class=\"wp-block-columns are-vertically-aligned-center is-layout-flex wp-container-core-columns-is-layout-9d6595d7 wp-block-columns-is-layout-flex\">\n<div class=\"wp-block-column is-vertically-aligned-center is-layout-flow wp-block-column-is-layout-flow\"><div class=\"wp-block-image\">\n<figure class=\"aligncenter size-full\"><a href=\"https:\/\/www.visa.be\/\"><img loading=\"lazy\" decoding=\"async\" width=\"1000\" height=\"320\" src=\"https:\/\/www.retaildetail.be\/wp-content\/uploads\/2025\/01\/Visa_Brandmark_Blue_RGB.png\" alt=\"\" class=\"wp-image-114021\" srcset=\"https:\/\/www.retaildetail.be\/wp-content\/uploads\/2025\/01\/Visa_Brandmark_Blue_RGB.png 1000w, https:\/\/www.retaildetail.be\/wp-content\/uploads\/2025\/01\/Visa_Brandmark_Blue_RGB-300x96.png 300w, https:\/\/www.retaildetail.be\/wp-content\/uploads\/2025\/01\/Visa_Brandmark_Blue_RGB-768x246.png 768w\" sizes=\"auto, (max-width: 1000px) 100vw, 1000px\" \/><\/a><\/figure>\n<\/div><\/div>\n\n\n\n<div class=\"wp-block-column is-vertically-aligned-center is-layout-flow wp-block-column-is-layout-flow\"><\/div>\n\n\n\n<div class=\"wp-block-column is-vertically-aligned-center is-layout-flow wp-block-column-is-layout-flow\"><\/div>\n\n\n\n<div class=\"wp-block-column is-vertically-aligned-center is-layout-flow wp-block-column-is-layout-flow\"><\/div>\n<\/div>\n\n\n\n<h1 class=\"wp-block-heading has-text-color\" style=\"color:#ed2724\"><strong><strong><strong>GR\u00c2CE \u00c0 NOS PARTENAIRES<\/strong><\/strong><\/strong><\/h1>\n\n\n\n<div class=\"wp-block-columns are-vertically-aligned-center is-layout-flex wp-container-core-columns-is-layout-9d6595d7 wp-block-columns-is-layout-flex\">\n<div class=\"wp-block-column is-vertically-aligned-center is-layout-flow wp-block-column-is-layout-flow\"><div class=\"wp-block-image\">\n<figure class=\"aligncenter size-full\"><img loading=\"lazy\" decoding=\"async\" width=\"1100\" height=\"484\" src=\"https:\/\/www.retaildetail.be\/wp-content\/uploads\/2025\/07\/Hybrid-Media-logo-250926.png\" alt=\"\" class=\"wp-image-129668\" srcset=\"https:\/\/www.retaildetail.be\/wp-content\/uploads\/2025\/07\/Hybrid-Media-logo-250926.png 1100w, https:\/\/www.retaildetail.be\/wp-content\/uploads\/2025\/07\/Hybrid-Media-logo-250926-300x132.png 300w, https:\/\/www.retaildetail.be\/wp-content\/uploads\/2025\/07\/Hybrid-Media-logo-250926-1024x451.png 1024w, https:\/\/www.retaildetail.be\/wp-content\/uploads\/2025\/07\/Hybrid-Media-logo-250926-768x338.png 768w\" sizes=\"auto, (max-width: 1100px) 100vw, 1100px\" \/><\/figure>\n<\/div><\/div>\n\n\n\n<div class=\"wp-block-column is-vertically-aligned-center is-layout-flow wp-block-column-is-layout-flow\">\n<figure class=\"wp-block-image size-large\"><a href=\"https:\/\/www.bdmedia.be\/nl\"><img loading=\"lazy\" decoding=\"async\" width=\"1024\" height=\"400\" src=\"https:\/\/www.retaildetail.be\/wp-content\/uploads\/2023\/02\/BDMedia-1024x400.png\" alt=\"\" class=\"wp-image-72254\" srcset=\"https:\/\/www.retaildetail.be\/wp-content\/uploads\/2023\/02\/BDMedia-1024x400.png 1024w, https:\/\/www.retaildetail.be\/wp-content\/uploads\/2023\/02\/BDMedia-300x117.png 300w, https:\/\/www.retaildetail.be\/wp-content\/uploads\/2023\/02\/BDMedia-768x300.png 768w, https:\/\/www.retaildetail.be\/wp-content\/uploads\/2023\/02\/BDMedia-1536x600.png 1536w, https:\/\/www.retaildetail.be\/wp-content\/uploads\/2023\/02\/BDMedia.png 1620w\" sizes=\"auto, (max-width: 1024px) 100vw, 1024px\" \/><\/a><\/figure>\n<\/div>\n\n\n\n<div class=\"wp-block-column is-vertically-aligned-center is-layout-flow wp-block-column-is-layout-flow\">\n<figure class=\"wp-block-image size-full\"><img loading=\"lazy\" decoding=\"async\" width=\"1884\" height=\"1067\" src=\"https:\/\/www.retaildetail.be\/wp-content\/uploads\/2025\/07\/FVHJ_2025_Logo_NL_Color_Dark_RGB.jpg\" alt=\"\" class=\"wp-image-133919\" srcset=\"https:\/\/www.retaildetail.be\/wp-content\/uploads\/2025\/07\/FVHJ_2025_Logo_NL_Color_Dark_RGB.jpg 1884w, https:\/\/www.retaildetail.be\/wp-content\/uploads\/2025\/07\/FVHJ_2025_Logo_NL_Color_Dark_RGB-300x170.jpg 300w, https:\/\/www.retaildetail.be\/wp-content\/uploads\/2025\/07\/FVHJ_2025_Logo_NL_Color_Dark_RGB-1024x580.jpg 1024w, https:\/\/www.retaildetail.be\/wp-content\/uploads\/2025\/07\/FVHJ_2025_Logo_NL_Color_Dark_RGB-768x435.jpg 768w, https:\/\/www.retaildetail.be\/wp-content\/uploads\/2025\/07\/FVHJ_2025_Logo_NL_Color_Dark_RGB-1536x870.jpg 1536w\" sizes=\"auto, (max-width: 1884px) 100vw, 1884px\" \/><\/figure>\n<\/div>\n\n\n\n<div class=\"wp-block-column is-vertically-aligned-center is-layout-flow wp-block-column-is-layout-flow\"><div class=\"wp-block-image\">\n<figure class=\"aligncenter size-full\"><a href=\"https:\/\/www.addretail.com\/\"><img loading=\"lazy\" decoding=\"async\" width=\"886\" height=\"886\" src=\"https:\/\/www.retaildetail.be\/wp-content\/uploads\/2024\/03\/Addretail-LOGO_AR_150X150_WEB.jpg\" alt=\"\" class=\"wp-image-105172\" srcset=\"https:\/\/www.retaildetail.be\/wp-content\/uploads\/2024\/03\/Addretail-LOGO_AR_150X150_WEB.jpg 886w, https:\/\/www.retaildetail.be\/wp-content\/uploads\/2024\/03\/Addretail-LOGO_AR_150X150_WEB-300x300.jpg 300w, https:\/\/www.retaildetail.be\/wp-content\/uploads\/2024\/03\/Addretail-LOGO_AR_150X150_WEB-150x150.jpg 150w, https:\/\/www.retaildetail.be\/wp-content\/uploads\/2024\/03\/Addretail-LOGO_AR_150X150_WEB-768x768.jpg 768w, https:\/\/www.retaildetail.be\/wp-content\/uploads\/2024\/03\/Addretail-LOGO_AR_150X150_WEB-73x73.jpg 73w\" sizes=\"auto, (max-width: 886px) 100vw, 886px\" \/><\/a><\/figure>\n<\/div><\/div>\n<\/div>\n\n\n\n<div class=\"wp-block-columns are-vertically-aligned-center is-layout-flex wp-container-core-columns-is-layout-9d6595d7 wp-block-columns-is-layout-flex\">\n<div class=\"wp-block-column is-vertically-aligned-center is-layout-flow wp-block-column-is-layout-flow\"><div class=\"wp-block-image\">\n<figure class=\"aligncenter size-full\"><a href=\"https:\/\/www.jetimport.be\/fr\"><img loading=\"lazy\" decoding=\"async\" width=\"300\" height=\"232\" src=\"https:\/\/www.retaildetail.be\/wp-content\/uploads\/2025\/02\/logo-Jet-Import-scaled-2-2.png\" alt=\"\" class=\"wp-image-116020\"\/><\/a><\/figure>\n<\/div><\/div>\n\n\n\n<div class=\"wp-block-column is-vertically-aligned-center is-layout-flow wp-block-column-is-layout-flow\"><div class=\"wp-block-image\">\n<figure class=\"aligncenter size-full\"><a href=\"ccep.com\" target=\"_blank\" rel=\"noopener\"><img loading=\"lazy\" decoding=\"async\" width=\"3884\" height=\"1176\" src=\"https:\/\/www.retaildetail.be\/wp-content\/uploads\/2023\/06\/CCEP_Horizontal_Logo_RGB_Red.png\" alt=\"\" class=\"wp-image-80389\" srcset=\"https:\/\/www.retaildetail.be\/wp-content\/uploads\/2023\/06\/CCEP_Horizontal_Logo_RGB_Red.png 3884w, https:\/\/www.retaildetail.be\/wp-content\/uploads\/2023\/06\/CCEP_Horizontal_Logo_RGB_Red-300x91.png 300w, https:\/\/www.retaildetail.be\/wp-content\/uploads\/2023\/06\/CCEP_Horizontal_Logo_RGB_Red-1024x310.png 1024w, https:\/\/www.retaildetail.be\/wp-content\/uploads\/2023\/06\/CCEP_Horizontal_Logo_RGB_Red-768x233.png 768w, https:\/\/www.retaildetail.be\/wp-content\/uploads\/2023\/06\/CCEP_Horizontal_Logo_RGB_Red-1536x465.png 1536w, https:\/\/www.retaildetail.be\/wp-content\/uploads\/2023\/06\/CCEP_Horizontal_Logo_RGB_Red-2048x620.png 2048w\" sizes=\"auto, (max-width: 3884px) 100vw, 3884px\" \/><\/a><\/figure>\n<\/div><\/div>\n\n\n\n<div class=\"wp-block-column is-vertically-aligned-center is-layout-flow wp-block-column-is-layout-flow\"><div class=\"wp-block-image\">\n<figure class=\"aligncenter size-full\"><a href=\"https:\/\/www.hubo.be\/nl.html\" target=\"_blank\" rel=\"noopener\"><img loading=\"lazy\" decoding=\"async\" width=\"783\" height=\"306\" src=\"https:\/\/www.retaildetail.be\/wp-content\/uploads\/2022\/09\/Hubo_Belgique_logo-2.png\" alt=\"\" class=\"wp-image-63042\" srcset=\"https:\/\/www.retaildetail.be\/wp-content\/uploads\/2022\/09\/Hubo_Belgique_logo-2.png 783w, https:\/\/www.retaildetail.be\/wp-content\/uploads\/2022\/09\/Hubo_Belgique_logo-2-300x117.png 300w, https:\/\/www.retaildetail.be\/wp-content\/uploads\/2022\/09\/Hubo_Belgique_logo-2-768x300.png 768w\" sizes=\"auto, (max-width: 783px) 100vw, 783px\" \/><\/a><\/figure>\n<\/div><\/div>\n\n\n\n<div class=\"wp-block-column is-vertically-aligned-center is-layout-flow wp-block-column-is-layout-flow\"><div class=\"wp-block-image\">\n<figure class=\"aligncenter size-full\"><a href=\"https:\/\/www.duvel.com\/\" target=\"_blank\" rel=\"noopener\"><img loading=\"lazy\" decoding=\"async\" width=\"300\" height=\"138\" src=\"https:\/\/www.retaildetail.be\/wp-content\/uploads\/2022\/09\/Duvel_Logo-1-2.png\" alt=\"\" class=\"wp-image-63092\"\/><\/a><\/figure>\n<\/div><\/div>\n<\/div>\n\n\n\n<div style=\"height:20px\" aria-hidden=\"true\" class=\"wp-block-spacer\"><\/div>\n\n\n<div class=\"wp-block-image\">\n<figure class=\"aligncenter size-full\"><a href=\"https:\/\/www.retaildetail.be\/fr\/partenariats-evenementiels-2024\/\"><img loading=\"lazy\" decoding=\"async\" width=\"1290\" height=\"200\" src=\"https:\/\/www.retaildetail.be\/wp-content\/uploads\/2024\/03\/partner-FR.png\" alt=\"\" class=\"wp-image-96111\" srcset=\"https:\/\/www.retaildetail.be\/wp-content\/uploads\/2024\/03\/partner-FR.png 1290w, https:\/\/www.retaildetail.be\/wp-content\/uploads\/2024\/03\/partner-FR-300x47.png 300w, https:\/\/www.retaildetail.be\/wp-content\/uploads\/2024\/03\/partner-FR-1024x159.png 1024w, https:\/\/www.retaildetail.be\/wp-content\/uploads\/2024\/03\/partner-FR-768x119.png 768w\" sizes=\"auto, (max-width: 1290px) 100vw, 1290px\" \/><\/a><\/figure>\n<\/div>\n\n\n<p><\/p>\n","protected":false},"excerpt":{"rendered":"<p>Le jeudi 20 novembre, RetailDetail organise la treizi\u00e8me \u00e9dition de la RetailDetail Night, la f\u00eate de fin d&rsquo;ann\u00e9e incontournable du secteur du commerce de d\u00e9tail au Benelux. En bref : COMMENT PARTICIPER \u00c0 L&rsquo;\u00c9V\u00c9NEMENT ? REVOIR L&rsquo;AFTERMOVIE 2024 Commandez vos billets ou table ici: PROGRAMME PRINCIPAL Au cours de cette \u00e9dition, nous vous proposons un [&hellip;]<\/p>\n","protected":false},"featured_media":125167,"parent":0,"menu_order":0,"template":"","categories":[],"tags":[],"class_list":["post-124156","event","type-event","status-publish","has-post-thumbnail","hentry"],"acf":[],"yoast_head":"<!-- This site is optimized with the Yoast SEO plugin v27.3 - https:\/\/yoast.com\/product\/yoast-seo-wordpress\/ -->\n<title>RETAILDETAIL NIGHT 2025 - RetailDetail BE<\/title>\n<meta name=\"robots\" content=\"index, follow, max-snippet:-1, max-image-preview:large, max-video-preview:-1\" \/>\n<link rel=\"canonical\" href=\"https:\/\/www.retaildetail.be\/fr\/retail-events\/retaildetail-night-2025-fr\/\" \/>\n<meta property=\"og:locale\" content=\"fr_FR\" \/>\n<meta property=\"og:type\" content=\"article\" \/>\n<meta property=\"og:title\" content=\"RETAILDETAIL NIGHT 2025 - RetailDetail BE\" \/>\n<meta property=\"og:description\" content=\"Le jeudi 20 novembre, RetailDetail organise la treizi\u00e8me \u00e9dition de la RetailDetail Night, la f\u00eate de fin d&rsquo;ann\u00e9e incontournable du secteur du commerce de d\u00e9tail au Benelux. En bref : COMMENT PARTICIPER \u00c0 L&rsquo;\u00c9V\u00c9NEMENT ? REVOIR L&rsquo;AFTERMOVIE 2024 Commandez vos billets ou table ici: PROGRAMME PRINCIPAL Au cours de cette \u00e9dition, nous vous proposons un [&hellip;]\" \/>\n<meta property=\"og:url\" content=\"https:\/\/www.retaildetail.be\/fr\/retail-events\/retaildetail-night-2025-fr\/\" \/>\n<meta property=\"og:site_name\" content=\"RetailDetail BE\" \/>\n<meta property=\"article:modified_time\" content=\"2025-11-14T11:37:51+00:00\" \/>\n<meta property=\"og:image\" content=\"https:\/\/www.retaildetail.be\/wp-content\/uploads\/2025\/07\/250812-Eventpage-1024x696.png\" \/>\n\t<meta property=\"og:image:width\" content=\"1024\" \/>\n\t<meta property=\"og:image:height\" content=\"696\" \/>\n\t<meta property=\"og:image:type\" content=\"image\/png\" \/>\n<meta name=\"twitter:card\" content=\"summary_large_image\" \/>\n<meta name=\"twitter:label1\" content=\"Dur\u00e9e de lecture estim\u00e9e\" \/>\n\t<meta name=\"twitter:data1\" content=\"10 minutes\" \/>\n<script type=\"application\/ld+json\" class=\"yoast-schema-graph\">{\"@context\":\"https:\\\/\\\/schema.org\",\"@graph\":[{\"@type\":\"WebPage\",\"@id\":\"https:\\\/\\\/www.retaildetail.be\\\/fr\\\/retail-events\\\/retaildetail-night-2025-fr\\\/\",\"url\":\"https:\\\/\\\/www.retaildetail.be\\\/fr\\\/retail-events\\\/retaildetail-night-2025-fr\\\/\",\"name\":\"RETAILDETAIL NIGHT 2025 - RetailDetail BE\",\"isPartOf\":{\"@id\":\"https:\\\/\\\/www.retaildetail.be\\\/nl\\\/#website\"},\"primaryImageOfPage\":{\"@id\":\"https:\\\/\\\/www.retaildetail.be\\\/fr\\\/retail-events\\\/retaildetail-night-2025-fr\\\/#primaryimage\"},\"image\":{\"@id\":\"https:\\\/\\\/www.retaildetail.be\\\/fr\\\/retail-events\\\/retaildetail-night-2025-fr\\\/#primaryimage\"},\"thumbnailUrl\":\"https:\\\/\\\/www.retaildetail.be\\\/wp-content\\\/uploads\\\/2025\\\/07\\\/250812-Eventpage.png\",\"datePublished\":\"2025-08-01T11:34:26+00:00\",\"dateModified\":\"2025-11-14T11:37:51+00:00\",\"breadcrumb\":{\"@id\":\"https:\\\/\\\/www.retaildetail.be\\\/fr\\\/retail-events\\\/retaildetail-night-2025-fr\\\/#breadcrumb\"},\"inLanguage\":\"fr-FR\",\"potentialAction\":[{\"@type\":\"ReadAction\",\"target\":[\"https:\\\/\\\/www.retaildetail.be\\\/fr\\\/retail-events\\\/retaildetail-night-2025-fr\\\/\"]}]},{\"@type\":\"ImageObject\",\"inLanguage\":\"fr-FR\",\"@id\":\"https:\\\/\\\/www.retaildetail.be\\\/fr\\\/retail-events\\\/retaildetail-night-2025-fr\\\/#primaryimage\",\"url\":\"https:\\\/\\\/www.retaildetail.be\\\/wp-content\\\/uploads\\\/2025\\\/07\\\/250812-Eventpage.png\",\"contentUrl\":\"https:\\\/\\\/www.retaildetail.be\\\/wp-content\\\/uploads\\\/2025\\\/07\\\/250812-Eventpage.png\",\"width\":2560,\"height\":1740},{\"@type\":\"BreadcrumbList\",\"@id\":\"https:\\\/\\\/www.retaildetail.be\\\/fr\\\/retail-events\\\/retaildetail-night-2025-fr\\\/#breadcrumb\",\"itemListElement\":[{\"@type\":\"ListItem\",\"position\":1,\"name\":\"Home\",\"item\":\"https:\\\/\\\/www.retaildetail.be\\\/fr\\\/\"},{\"@type\":\"ListItem\",\"position\":2,\"name\":\"Events\",\"item\":\"https:\\\/\\\/www.retaildetail.be\\\/nl\\\/retail-events\\\/\"},{\"@type\":\"ListItem\",\"position\":3,\"name\":\"RETAILDETAIL NIGHT 2025\"}]},{\"@type\":\"WebSite\",\"@id\":\"https:\\\/\\\/www.retaildetail.be\\\/nl\\\/#website\",\"url\":\"https:\\\/\\\/www.retaildetail.be\\\/nl\\\/\",\"name\":\"RetailDetail BE\",\"description\":\"News\",\"publisher\":{\"@id\":\"https:\\\/\\\/www.retaildetail.be\\\/nl\\\/#organization\"},\"potentialAction\":[{\"@type\":\"SearchAction\",\"target\":{\"@type\":\"EntryPoint\",\"urlTemplate\":\"https:\\\/\\\/www.retaildetail.be\\\/nl\\\/?s={search_term_string}\"},\"query-input\":{\"@type\":\"PropertyValueSpecification\",\"valueRequired\":true,\"valueName\":\"search_term_string\"}}],\"inLanguage\":\"fr-FR\"},{\"@type\":\"Organization\",\"@id\":\"https:\\\/\\\/www.retaildetail.be\\\/nl\\\/#organization\",\"name\":\"RetailDetail BE\",\"url\":\"https:\\\/\\\/www.retaildetail.be\\\/nl\\\/\",\"logo\":{\"@type\":\"ImageObject\",\"inLanguage\":\"fr-FR\",\"@id\":\"https:\\\/\\\/www.retaildetail.be\\\/nl\\\/#\\\/schema\\\/logo\\\/image\\\/\",\"url\":\"https:\\\/\\\/www.retaildetail.be\\\/wp-content\\\/uploads\\\/2022\\\/04\\\/logo.svg\",\"contentUrl\":\"https:\\\/\\\/www.retaildetail.be\\\/wp-content\\\/uploads\\\/2022\\\/04\\\/logo.svg\",\"width\":131,\"height\":70,\"caption\":\"RetailDetail BE\"},\"image\":{\"@id\":\"https:\\\/\\\/www.retaildetail.be\\\/nl\\\/#\\\/schema\\\/logo\\\/image\\\/\"}}]}<\/script>\n<!-- \/ Yoast SEO plugin. -->","yoast_head_json":{"title":"RETAILDETAIL NIGHT 2025 - RetailDetail BE","robots":{"index":"index","follow":"follow","max-snippet":"max-snippet:-1","max-image-preview":"max-image-preview:large","max-video-preview":"max-video-preview:-1"},"canonical":"https:\/\/www.retaildetail.be\/fr\/retail-events\/retaildetail-night-2025-fr\/","og_locale":"fr_FR","og_type":"article","og_title":"RETAILDETAIL NIGHT 2025 - RetailDetail BE","og_description":"Le jeudi 20 novembre, RetailDetail organise la treizi\u00e8me \u00e9dition de la RetailDetail Night, la f\u00eate de fin d&rsquo;ann\u00e9e incontournable du secteur du commerce de d\u00e9tail au Benelux. En bref : COMMENT PARTICIPER \u00c0 L&rsquo;\u00c9V\u00c9NEMENT ? REVOIR L&rsquo;AFTERMOVIE 2024 Commandez vos billets ou table ici: PROGRAMME PRINCIPAL Au cours de cette \u00e9dition, nous vous proposons un [&hellip;]","og_url":"https:\/\/www.retaildetail.be\/fr\/retail-events\/retaildetail-night-2025-fr\/","og_site_name":"RetailDetail BE","article_modified_time":"2025-11-14T11:37:51+00:00","og_image":[{"width":1024,"height":696,"url":"https:\/\/www.retaildetail.be\/wp-content\/uploads\/2025\/07\/250812-Eventpage-1024x696.png","type":"image\/png"}],"twitter_card":"summary_large_image","twitter_misc":{"Dur\u00e9e de lecture estim\u00e9e":"10 minutes"},"schema":{"@context":"https:\/\/schema.org","@graph":[{"@type":"WebPage","@id":"https:\/\/www.retaildetail.be\/fr\/retail-events\/retaildetail-night-2025-fr\/","url":"https:\/\/www.retaildetail.be\/fr\/retail-events\/retaildetail-night-2025-fr\/","name":"RETAILDETAIL NIGHT 2025 - RetailDetail BE","isPartOf":{"@id":"https:\/\/www.retaildetail.be\/nl\/#website"},"primaryImageOfPage":{"@id":"https:\/\/www.retaildetail.be\/fr\/retail-events\/retaildetail-night-2025-fr\/#primaryimage"},"image":{"@id":"https:\/\/www.retaildetail.be\/fr\/retail-events\/retaildetail-night-2025-fr\/#primaryimage"},"thumbnailUrl":"https:\/\/www.retaildetail.be\/wp-content\/uploads\/2025\/07\/250812-Eventpage.png","datePublished":"2025-08-01T11:34:26+00:00","dateModified":"2025-11-14T11:37:51+00:00","breadcrumb":{"@id":"https:\/\/www.retaildetail.be\/fr\/retail-events\/retaildetail-night-2025-fr\/#breadcrumb"},"inLanguage":"fr-FR","potentialAction":[{"@type":"ReadAction","target":["https:\/\/www.retaildetail.be\/fr\/retail-events\/retaildetail-night-2025-fr\/"]}]},{"@type":"ImageObject","inLanguage":"fr-FR","@id":"https:\/\/www.retaildetail.be\/fr\/retail-events\/retaildetail-night-2025-fr\/#primaryimage","url":"https:\/\/www.retaildetail.be\/wp-content\/uploads\/2025\/07\/250812-Eventpage.png","contentUrl":"https:\/\/www.retaildetail.be\/wp-content\/uploads\/2025\/07\/250812-Eventpage.png","width":2560,"height":1740},{"@type":"BreadcrumbList","@id":"https:\/\/www.retaildetail.be\/fr\/retail-events\/retaildetail-night-2025-fr\/#breadcrumb","itemListElement":[{"@type":"ListItem","position":1,"name":"Home","item":"https:\/\/www.retaildetail.be\/fr\/"},{"@type":"ListItem","position":2,"name":"Events","item":"https:\/\/www.retaildetail.be\/nl\/retail-events\/"},{"@type":"ListItem","position":3,"name":"RETAILDETAIL NIGHT 2025"}]},{"@type":"WebSite","@id":"https:\/\/www.retaildetail.be\/nl\/#website","url":"https:\/\/www.retaildetail.be\/nl\/","name":"RetailDetail BE","description":"News","publisher":{"@id":"https:\/\/www.retaildetail.be\/nl\/#organization"},"potentialAction":[{"@type":"SearchAction","target":{"@type":"EntryPoint","urlTemplate":"https:\/\/www.retaildetail.be\/nl\/?s={search_term_string}"},"query-input":{"@type":"PropertyValueSpecification","valueRequired":true,"valueName":"search_term_string"}}],"inLanguage":"fr-FR"},{"@type":"Organization","@id":"https:\/\/www.retaildetail.be\/nl\/#organization","name":"RetailDetail BE","url":"https:\/\/www.retaildetail.be\/nl\/","logo":{"@type":"ImageObject","inLanguage":"fr-FR","@id":"https:\/\/www.retaildetail.be\/nl\/#\/schema\/logo\/image\/","url":"https:\/\/www.retaildetail.be\/wp-content\/uploads\/2022\/04\/logo.svg","contentUrl":"https:\/\/www.retaildetail.be\/wp-content\/uploads\/2022\/04\/logo.svg","width":131,"height":70,"caption":"RetailDetail BE"},"image":{"@id":"https:\/\/www.retaildetail.be\/nl\/#\/schema\/logo\/image\/"}}]}},"jetpack_sharing_enabled":true,"_links":{"self":[{"href":"https:\/\/www.retaildetail.be\/fr\/wp-json\/wp\/v2\/event\/124156","targetHints":{"allow":["GET"]}}],"collection":[{"href":"https:\/\/www.retaildetail.be\/fr\/wp-json\/wp\/v2\/event"}],"about":[{"href":"https:\/\/www.retaildetail.be\/fr\/wp-json\/wp\/v2\/types\/event"}],"version-history":[{"count":16,"href":"https:\/\/www.retaildetail.be\/fr\/wp-json\/wp\/v2\/event\/124156\/revisions"}],"predecessor-version":[{"id":134662,"href":"https:\/\/www.retaildetail.be\/fr\/wp-json\/wp\/v2\/event\/124156\/revisions\/134662"}],"wp:featuredmedia":[{"embeddable":true,"href":"https:\/\/www.retaildetail.be\/fr\/wp-json\/wp\/v2\/media\/125167"}],"wp:attachment":[{"href":"https:\/\/www.retaildetail.be\/fr\/wp-json\/wp\/v2\/media?parent=124156"}],"wp:term":[{"taxonomy":"category","embeddable":true,"href":"https:\/\/www.retaildetail.be\/fr\/wp-json\/wp\/v2\/categories?post=124156"},{"taxonomy":"post_tag","embeddable":true,"href":"https:\/\/www.retaildetail.be\/fr\/wp-json\/wp\/v2\/tags?post=124156"}],"curies":[{"name":"wp","href":"https:\/\/api.w.org\/{rel}","templated":true}]}}