{"id":124086,"date":"2025-07-31T22:39:00","date_gmt":"2025-07-31T20:39:00","guid":{"rendered":"https:\/\/www.retaildetail.be\/?post_type=event&#038;p=124086"},"modified":"2025-11-14T12:36:22","modified_gmt":"2025-11-14T11:36:22","slug":"retaildetail-night-2025","status":"publish","type":"event","link":"https:\/\/www.retaildetail.be\/nl\/retail-events\/retaildetail-night-2025\/","title":{"rendered":"RETAILDETAIL NIGHT 2025"},"content":{"rendered":"\n<p style=\"font-size:18px\"><strong>Op donderdag 20 november organiseert RetailDetail de dertiende editie van de RetailDetail Night, h\u00e9t jaarlijkse eindejaarsfeest van de retailsector in de Benelux. <\/strong><\/p>\n\n\n\n<h3 class=\"wp-block-heading\" style=\"font-size:18px\"><strong>In een notendop:<\/strong><\/h3>\n\n\n\n<div style=\"height:20px\" aria-hidden=\"true\" class=\"wp-block-spacer\"><\/div>\n\n\n\n<ul class=\"wp-block-list\">\n<li style=\"font-size:18px\"><strong>Wanneer?<\/strong> Donderdag 20 november 2025<\/li>\n\n\n\n<li style=\"font-size:18px\"><strong>Waar?<\/strong> In de unieke Handelsbeurs te Antwerpen<\/li>\n\n\n\n<li style=\"font-size:18px\"><strong>Met wie? <\/strong>Meer dan 400 b2b retailprofessionals!<\/li>\n\n\n\n<li style=\"font-size:18px\"><strong>Agenda?<\/strong> Keuze tussen twee voorprogramma&#8217;s in de namiddag, nadien een seated dinner aan tafels per 10 personen. Nadien nog een walking dessertenbuffet, ideaal netwerken!<\/li>\n\n\n\n<li style=\"font-size:18px\">Een <strong>line-up <\/strong>met onder meer Wouter Kolk (voormalig ceo Ahold Delhaize Europa &amp; Indonesi\u00eb), MediaMarkt (Olivier van den Bossche), Carrefour (Geoffroy Gersdorff), JBC (Ana\u00efs Claes), Trendwolves (Tom Palmaerts), Gino Van Ossel (Retail jaaroverzicht) &amp; veel meer!<\/li>\n<\/ul>\n\n\n\n<div style=\"height:20px\" aria-hidden=\"true\" class=\"wp-block-spacer\"><\/div>\n\n\n\n<div class=\"wp-block-columns is-layout-flex wp-container-core-columns-is-layout-9d6595d7 wp-block-columns-is-layout-flex\">\n<div class=\"wp-block-column is-layout-flow wp-block-column-is-layout-flow\">\n<h3 class=\"wp-block-heading has-text-align-center has-vivid-red-color has-text-color has-link-color wp-elements-e661ee8ba74c0aeacff4b31fc8bb866b\" style=\"font-size:18px\"><strong><strong><strong><strong>HOE KUNT U ERBIJ ZIJN?<\/strong><\/strong><\/strong><\/strong><\/h3>\n\n\n\n<div style=\"height:20px\" aria-hidden=\"true\" class=\"wp-block-spacer\"><\/div>\n\n\n\n<ol style=\"font-size:16px\" class=\"wp-block-list\">\n<li style=\"font-size:18px\">Bestel een individueel ticket, inclusief voor- en hoofdprogramma, alsook diner.<br><\/li>\n\n\n\n<li style=\"font-size:18px\">Bestel een gepersonaliseerde tafel (10 personen) voor uw bedrijf. Dit is een ideaal moment om het jaar positief af te sluiten samen met je team en\/of je beste relaties. Je 10 genodigden hebben zo toegang tot het hele event, inclusief diner.<\/li>\n<\/ol>\n<\/div>\n\n\n\n<div class=\"wp-block-column is-layout-flow wp-block-column-is-layout-flow\">\n<h3 class=\"wp-block-heading has-text-align-center has-vivid-red-color has-text-color has-link-color wp-elements-45ca2e21453c7844a1a76b8132bb214c\" style=\"font-size:19px\"><strong>HERBEKIJK DE AFTERMOVIE 2024<\/strong><\/h3>\n\n\n\n<figure class=\"wp-block-embed is-type-video is-provider-vimeo wp-block-embed-vimeo wp-embed-aspect-16-9 wp-has-aspect-ratio\"><div class=\"wp-block-embed__wrapper\">\n<iframe loading=\"lazy\" src=\"https:\/\/player.vimeo.com\/video\/1106254714?dnt=1&amp;app_id=122963\" width=\"500\" height=\"281\" frameborder=\"0\" allow=\"autoplay; fullscreen; picture-in-picture; clipboard-write; encrypted-media; web-share\" referrerpolicy=\"strict-origin-when-cross-origin\"><\/iframe>\n<\/div><\/figure>\n<\/div>\n<\/div>\n\n\n\n<div style=\"height:20px\" aria-hidden=\"true\" class=\"wp-block-spacer\"><\/div>\n\n\n\n<figure class=\"wp-block-table has-medium-font-size\"><table class=\"has-white-color has-black-background-color has-text-color has-background\"><tbody><tr><td class=\"has-text-align-center\" data-align=\"center\"><strong>Bestel hier je tickets of tafel<\/strong>:<\/td><\/tr><\/tbody><\/table><\/figure>\n\n\n\n<div id=\"eventbrite-widget-container-1549177514649\"><\/div>\n\n<script src=\"https:\/\/www.eventbrite.be\/static\/widgets\/eb_widgets.js\"><\/script>\n\n<script type=\"text\/javascript\">\n    var exampleCallback = function() {\n        console.log('Order complete!');\n    };\n\n    window.EBWidgets.createWidget({\n        \/\/ Required\n        widgetType: 'checkout',\n        eventId: '1549177514649',\n        iframeContainerId: 'eventbrite-widget-container-1549177514649',\n\n        \/\/ Optional\n        iframeContainerHeight: 425,  \/\/ Widget height in pixels. Defaults to a minimum of 425px if not provided\n        onOrderComplete: exampleCallback  \/\/ Method called when an order has successfully completed\n    });\n<\/script>\n\n\n\n<div style=\"height:20px\" aria-hidden=\"true\" class=\"wp-block-spacer\"><\/div>\n\n\n\n<h1 class=\"wp-block-heading has-text-color\" style=\"color:#ed2724\"><strong>HOOFDPROGRAMMA<\/strong><\/h1>\n\n\n\n<p style=\"font-size:16px\">Tijdens deze editie brengen we u een hoofdprogramma met gerenommeerde sprekers uit de retail sector.<\/p>\n\n\n\n<div class=\"wp-block-media-text alignfull is-stacked-on-mobile is-vertically-aligned-center\"><figure class=\"wp-block-media-text__media\"><img loading=\"lazy\" decoding=\"async\" width=\"1024\" height=\"613\" src=\"https:\/\/www.retaildetail.be\/wp-content\/uploads\/2025\/07\/Wouter-Kolk-Carrefour-1024x613.png\" alt=\"\" class=\"wp-image-132550 size-full\" srcset=\"https:\/\/www.retaildetail.be\/wp-content\/uploads\/2025\/07\/Wouter-Kolk-Carrefour-1024x613.png 1024w, https:\/\/www.retaildetail.be\/wp-content\/uploads\/2025\/07\/Wouter-Kolk-Carrefour-300x180.png 300w, https:\/\/www.retaildetail.be\/wp-content\/uploads\/2025\/07\/Wouter-Kolk-Carrefour-768x460.png 768w, https:\/\/www.retaildetail.be\/wp-content\/uploads\/2025\/07\/Wouter-Kolk-Carrefour-1536x920.png 1536w, https:\/\/www.retaildetail.be\/wp-content\/uploads\/2025\/07\/Wouter-Kolk-Carrefour-218x131.png 218w, https:\/\/www.retaildetail.be\/wp-content\/uploads\/2025\/07\/Wouter-Kolk-Carrefour.png 1920w\" sizes=\"auto, (max-width: 1024px) 100vw, 1024px\" \/><\/figure><div class=\"wp-block-media-text__content\">\n<p class=\"has-text-align-left\" style=\"font-size:16px\"><strong>Wouter Kolk <\/strong>behoort tot de zwaargewichten van de Europese retail. Hij bouwde zijn carri\u00e8re uit bij <strong>Ahold Delhaize<\/strong>, waar hij onder meer Gall &amp; Gall, Etos en Albert Heijn leidde en later als CEO Europa &amp; Indonesi\u00eb verantwoordelijk werd voor meer dan tien winkelformules in negen landen. Eerder gaf hij ook leiding aan WE Fashion. Met zijn internationale ervaring, strategisch inzicht en sterke visie op de toekomst van retail weet hij telkens de toon te zetten. Op de RetailDetail Night 2025 gaat hij openhartig in gesprek \u2013 niet alleen op het podium, maar ook met het publiek.<\/p>\n\n\n\n<p style=\"font-size:16px\">In 2022 werd <strong>Geoffroy Gersdorff<\/strong> de eerste Belgische CEO van <strong>Carrefour Belgi\u00eb<\/strong>, het bedrijf waar hij in 1997 (toen was het nog GB) zijn loopbaan begon en uiteenlopende functies opnam, zowel in Belgi\u00eb als op groepsniveau. Hij slaagde erin een ommekeer te realiseren en de retailer vorig jaar uit de rode cijfers te halen. Vanuit zijn rijke internationale ervaring kan hij duiding geven bij de trends en uitdagingen die de retailsector vandaag kenmerken.<\/p>\n<\/div><\/div>\n\n\n\n<div class=\"wp-block-media-text alignfull has-media-on-the-right is-stacked-on-mobile is-vertically-aligned-center\"><div class=\"wp-block-media-text__content\">\n<p class=\"has-text-align-left\" style=\"font-size:16px\">Sinds 11 augustus 2025 is <strong>Olivier van den Bossche General Managing Director Benelux bij MediaMarkt,<\/strong> waar hij tevens de rol van Country Manager Sales vervult. De Belgische topmanager bouwde een internationale carri\u00e8re uit bij onder meer Rituals, Metro AG en Galeria Inno, en stond recent nog aan het roer van Galeria Karstadt Kaufhof. Met zijn diepgaande kennis van de Benelux-markt en ruime retailervaring weet hij strategie moeiteloos te koppelen aan hands-on uitvoering. Op de RetailDetail Night gaat hij openhartig het gesprek aan.<\/p>\n\n\n\n<p style=\"font-size:16px\">Tijdens de RetailDetail Night schuift <strong>Ana\u00efs Claes<\/strong>, Sustainability Manager bij <strong>Claes Retail Group <\/strong>(JBC, Mayerline en CKS), aan bij het panelgesprek tijdens het avondprogramma. Samen met onder meer Olivier van den Bossche (MediaMarkt) en Wouter Kolk (ex-Ahold Delhaize) deelt ze haar visie op de toekomst van retail.<\/p>\n\n\n\n<p style=\"font-size:16px\">Claes is verantwoordelijk voor het duurzaamheidsbeleid binnen de modemerken van de groep, met aandacht voor zowel ecologische als sociale impact. Onder haar co\u00f6rdinatie behaalde de Claes Retail Group in 2024 de status \u2018Good\u2019 op de Fair Wear Brand Performance Check \u2013 de hoogste score tot nu toe. Haar bijdrage belooft een frisse blik op hoe retailbedrijven future-proof kunnen worden, van de fabriek tot in de winkel.<\/p>\n<\/div><figure class=\"wp-block-media-text__media\"><img loading=\"lazy\" decoding=\"async\" width=\"1024\" height=\"613\" src=\"https:\/\/www.retaildetail.be\/wp-content\/uploads\/2025\/07\/MediaMarkt-jbc-3-1024x613.png\" alt=\"\" class=\"wp-image-134392 size-full\" srcset=\"https:\/\/www.retaildetail.be\/wp-content\/uploads\/2025\/07\/MediaMarkt-jbc-3-1024x613.png 1024w, https:\/\/www.retaildetail.be\/wp-content\/uploads\/2025\/07\/MediaMarkt-jbc-3-300x180.png 300w, https:\/\/www.retaildetail.be\/wp-content\/uploads\/2025\/07\/MediaMarkt-jbc-3-768x460.png 768w, https:\/\/www.retaildetail.be\/wp-content\/uploads\/2025\/07\/MediaMarkt-jbc-3-1536x920.png 1536w, https:\/\/www.retaildetail.be\/wp-content\/uploads\/2025\/07\/MediaMarkt-jbc-3-218x131.png 218w, https:\/\/www.retaildetail.be\/wp-content\/uploads\/2025\/07\/MediaMarkt-jbc-3.png 1920w\" sizes=\"auto, (max-width: 1024px) 100vw, 1024px\" \/><\/figure><\/div>\n\n\n\n<div class=\"wp-block-media-text alignfull is-stacked-on-mobile is-vertically-aligned-center\"><figure class=\"wp-block-media-text__media\"><img loading=\"lazy\" decoding=\"async\" width=\"1024\" height=\"613\" src=\"https:\/\/www.retaildetail.be\/wp-content\/uploads\/2025\/07\/Visa-Gino-1024x613.png\" alt=\"\" class=\"wp-image-132552 size-full\" srcset=\"https:\/\/www.retaildetail.be\/wp-content\/uploads\/2025\/07\/Visa-Gino-1024x613.png 1024w, https:\/\/www.retaildetail.be\/wp-content\/uploads\/2025\/07\/Visa-Gino-300x180.png 300w, https:\/\/www.retaildetail.be\/wp-content\/uploads\/2025\/07\/Visa-Gino-768x460.png 768w, https:\/\/www.retaildetail.be\/wp-content\/uploads\/2025\/07\/Visa-Gino-1536x920.png 1536w, https:\/\/www.retaildetail.be\/wp-content\/uploads\/2025\/07\/Visa-Gino-218x131.png 218w, https:\/\/www.retaildetail.be\/wp-content\/uploads\/2025\/07\/Visa-Gino.png 1920w\" sizes=\"auto, (max-width: 1024px) 100vw, 1024px\" \/><\/figure><div class=\"wp-block-media-text__content\">\n<p class=\"has-text-align-left\" style=\"font-size:16px\"><strong>Peter Theunis<\/strong> <strong>(Visa)<\/strong> is een erkend leider in de betalings- en fintech-sector, met meer dan 25 jaar ervaring op het gebied van digitaal bankieren, financi\u00eble inclusie en grensoverschrijdende betalingen.<\/p>\n\n\n\n<p class=\"has-text-align-left\" style=\"font-size:16px\">Hij heeft leidinggevende functies bekleed in Europa, het Midden-Oosten en APAC en heeft een cruciale rol gespeeld bij het vormgeven van strategische groei en innovatie in de financi\u00eble sector. Hij heeft leidinggevende functies bekleed bij BPC Banking Technologies, Endava, AEDP\/Ministerie van Financi\u00ebn van de VAE, TAS Group, OpenWay en Clear2Pay, en was medeoprichter van twee succesvolle ondernemingen, Integri en Radar Payments. Zijn expertise omvat kaartuitgifte, merchant acquiring, naleving van regelgeving en het bredere ecosysteem van digitale betalingen. Peter brengt een vooruitstrevende visie in de sector, gericht op het stimuleren van transformatie door middel van technologie, het bevorderen van financi\u00eble inclusie en het opbouwen van collaboratieve ecosystemen die duurzame groei ondersteunen.<\/p>\n\n\n\n<p class=\"has-text-align-left\" style=\"font-size:16px\"><strong>Gino Van Ossel (professor aan de Vlerick Business School)<\/strong> koppelt academische diepgang aan een scherpe blik op de praktijk. Hij publiceerde meerdere boeken en is een veelgevraagd spreker over consumentengedrag, omnichannel en retailstrategie. Bekend om zijn heldere analyses en eigenzinnige stijl, brengt hij op de RetailDetail Night 2025 opnieuw zijn jaarlijkse terugblik op het retaillandschap.<\/p>\n<\/div><\/div>\n\n\n\n<div class=\"wp-block-media-text alignfull has-media-on-the-right is-stacked-on-mobile is-vertically-aligned-center\"><div class=\"wp-block-media-text__content\">\n<p class=\"has-text-align-left\" style=\"font-size:16px\">Ben jij klaar voor de toekomst? Twijfel je over het antwoord? Dat is ok\u00e9. Het leven gaat soms zo snel, dat de toekomst ons doet duizelen. Maar, hoe worden we dan wel futureproof?<br><strong>Tom Palmaerts<\/strong> reist al jarenlang de wereld rond met \u00e9\u00e9n doel: mensen zin doen krijgen in de toekomst. We kunnen de toekomst niet voorspellen, maar door kleine trillingen te kaderen in grote evoluties en trends kunnen we mogelijke toekomsten voorstellen. Tom Palmaerts onderzoekt welke maatschappelijke fenomenen de volgende tien jaar belangrijk zullen zijn. Hij speelt graag met toekomstdenken\u2026maar toekomstdenken is enkel interessant als we er vandaag mee aan de slag kunnen gaan.<br><br><strong>BD Media<\/strong>, marktleider in de verdeling van huis-aan-huiscommunicatie, presenteert de nieuwste resultaten van de Leaflet Attitude Study, ontwikkeld in samenwerking met NIQ. Tijdens deze sessie deelt Managing Director<strong> Leen Dehantschutter<\/strong>&nbsp;enkele opvallende inzichten over de evolutie van consumentenattitudes en de blijvende relevantie van folders in het medialandschap. Traditiegetrouw sluiten we af met de <strong>uitreiking van de awards<\/strong>&nbsp;voor de beste <strong>folders van het jaar<\/strong>.<\/p>\n<\/div><figure class=\"wp-block-media-text__media\"><img loading=\"lazy\" decoding=\"async\" width=\"1024\" height=\"613\" src=\"https:\/\/www.retaildetail.be\/wp-content\/uploads\/2025\/07\/Trendwolves-BD-1024x613.png\" alt=\"\" class=\"wp-image-133912 size-full\" srcset=\"https:\/\/www.retaildetail.be\/wp-content\/uploads\/2025\/07\/Trendwolves-BD-1024x613.png 1024w, https:\/\/www.retaildetail.be\/wp-content\/uploads\/2025\/07\/Trendwolves-BD-300x180.png 300w, https:\/\/www.retaildetail.be\/wp-content\/uploads\/2025\/07\/Trendwolves-BD-768x460.png 768w, https:\/\/www.retaildetail.be\/wp-content\/uploads\/2025\/07\/Trendwolves-BD-1536x920.png 1536w, https:\/\/www.retaildetail.be\/wp-content\/uploads\/2025\/07\/Trendwolves-BD-218x131.png 218w, https:\/\/www.retaildetail.be\/wp-content\/uploads\/2025\/07\/Trendwolves-BD.png 1920w\" sizes=\"auto, (max-width: 1024px) 100vw, 1024px\" \/><\/figure><\/div>\n\n\n\n<p style=\"font-size:16px\"><\/p>\n\n\n\n<h1 class=\"wp-block-heading has-text-color\" style=\"color:#ed2724\"><strong>VOORPROGRAMMA&#8217;S<\/strong><\/h1>\n\n\n\n<p style=\"font-size:16px\">Tijdens de RetailDetail Night kunt u in de namiddag kiezen tussen twee voorprogramma&#8217;s:<\/p>\n\n\n\n<ol class=\"wp-block-list\">\n<li style=\"font-size:16px\">\u201cFail forward\u201d: falen als leermoment<\/li>\n\n\n\n<li style=\"font-size:16px\">Gamechangers<\/li>\n<\/ol>\n\n\n\n<h3 class=\"wp-block-heading\">1\/ &#8220;FAIL FORWARD&#8221;: FALEN ALS LEERMOMENT<\/h3>\n\n\n\n<p style=\"font-size:16px\">Struikelen doen we allemaal wel eens. Falen hoeft geen negatieve ervaring te zijn: het kan een inspiratiebron zijn voor groei en ontwikkeling. Missen is menselijk en uit fouten of mislukkingen leer je vaak het meest. Toch zijn ondernemers vaak beschroomd om hun lessen uit falen te delen. Jammer, toch?<\/p>\n\n\n\n<p style=\"font-size:16px\">RetailDetail zocht \u00e9n vond enkele dappere retailers die w\u00e9l bereid waren om te getuigen over hun inspirerende mislukkingen. In dit voorprogramma g\u00e9\u00e9n gelikte PowerPointpresentaties: onze deelnemers gaan ze open in gesprek met moderator Stefan Van Rompaey, met collega\u2019s en met u, het publiek.<\/p>\n\n\n\n<p style=\"font-size:16px\">\u201cLeer van andermans fouten. Je leeft niet lang genoeg om ze allemaal zelf te maken.\u201d (Eleanor Roosevelt)<\/p>\n\n\n\n<p style=\"font-size:16px\"><strong>DE PANELLEDEN<\/strong><\/p>\n\n\n\n<div class=\"wp-block-media-text alignfull is-stacked-on-mobile is-vertically-aligned-center\"><figure class=\"wp-block-media-text__media\"><img loading=\"lazy\" decoding=\"async\" width=\"1024\" height=\"613\" src=\"https:\/\/www.retaildetail.be\/wp-content\/uploads\/2025\/07\/Cameleon-Hopr-1-1024x613.png\" alt=\"\" class=\"wp-image-129676 size-full\" srcset=\"https:\/\/www.retaildetail.be\/wp-content\/uploads\/2025\/07\/Cameleon-Hopr-1-1024x613.png 1024w, https:\/\/www.retaildetail.be\/wp-content\/uploads\/2025\/07\/Cameleon-Hopr-1-300x180.png 300w, https:\/\/www.retaildetail.be\/wp-content\/uploads\/2025\/07\/Cameleon-Hopr-1-768x460.png 768w, https:\/\/www.retaildetail.be\/wp-content\/uploads\/2025\/07\/Cameleon-Hopr-1-1536x920.png 1536w, https:\/\/www.retaildetail.be\/wp-content\/uploads\/2025\/07\/Cameleon-Hopr-1-218x131.png 218w, https:\/\/www.retaildetail.be\/wp-content\/uploads\/2025\/07\/Cameleon-Hopr-1.png 1920w\" sizes=\"auto, (max-width: 1024px) 100vw, 1024px\" \/><\/figure><div class=\"wp-block-media-text__content\">\n<p class=\"has-text-align-left\" style=\"font-size:16px\"><strong>Pascale Switten<\/strong><\/p>\n\n\n\n<p class=\"has-text-align-left\" style=\"font-size:16px\">Het faillissement van <strong>Cameleon <\/strong>was een ingrijpende ervaring voor CEO Pascale Switten: \u201cIk heb samen met mijn partner en een toegewijd team vol overtuiging gebouwd aan een duurzame transformatie. We hebben intens gezocht naar financi\u00eble oplossingen, maar de structurele uitdagingen bleken te groot. Toch overheerst trots: op onze mensen, onze waarden en onze veerkracht.\u201d Deze ervaring wil ze graag delen op de RetailDetail Night, als reflectie \u00e9n inspiratie.<\/p>\n\n\n\n<p style=\"font-size:16px\"><strong>Stijn Martens<\/strong><\/p>\n\n\n\n<p class=\"has-text-align-left\" style=\"font-size:16px\">Pionierde met de eerste Vlaamse onlinesupermarkt, <strong>Hopr<\/strong>. Gelanceerd in 2021, stopgezet in 2025 na een \u201cleerrijke reis\u201d.<\/p>\n<\/div><\/div>\n\n\n\n<div class=\"wp-block-media-text alignfull has-media-on-the-right is-stacked-on-mobile is-vertically-aligned-center\"><div class=\"wp-block-media-text__content\">\n<p class=\"has-text-align-left\" style=\"font-size:16px\"><strong>Mark MJ Vandevelde<\/strong><\/p>\n\n\n\n<p class=\"has-text-align-left\" style=\"font-size:16px\">Medeoprichter van het duurzame sneakermerk <strong>Komrads<\/strong>, dat in augustus 2025 de handdoek gooide in een ongunstig economische klimaat.<\/p>\n\n\n\n<p class=\"has-text-align-left\" style=\"font-size:16px\"><strong>Alain Hellebaut<\/strong><\/p>\n\n\n\n<p class=\"has-text-align-left\" style=\"font-size:16px\">\u201cDe enige echte fout is niets ondernemen of proberen uit angst om te falen,\u201d zegt <strong>Alain Hellebaut<\/strong>, die vanuit zijn rijke ervaring als retailmanager, met onder andere een succesvolle doorstart voor <strong>Maxi Toys<\/strong>, enkele waardevolle crisislessen zal delen in dit voorprogramma.<\/p>\n<\/div><figure class=\"wp-block-media-text__media\"><img loading=\"lazy\" decoding=\"async\" width=\"1024\" height=\"613\" src=\"https:\/\/www.retaildetail.be\/wp-content\/uploads\/2025\/07\/Comrads-Maxi-Toys-1024x613.png\" alt=\"\" class=\"wp-image-132556 size-full\" srcset=\"https:\/\/www.retaildetail.be\/wp-content\/uploads\/2025\/07\/Comrads-Maxi-Toys-1024x613.png 1024w, https:\/\/www.retaildetail.be\/wp-content\/uploads\/2025\/07\/Comrads-Maxi-Toys-300x180.png 300w, https:\/\/www.retaildetail.be\/wp-content\/uploads\/2025\/07\/Comrads-Maxi-Toys-768x460.png 768w, https:\/\/www.retaildetail.be\/wp-content\/uploads\/2025\/07\/Comrads-Maxi-Toys-1536x920.png 1536w, https:\/\/www.retaildetail.be\/wp-content\/uploads\/2025\/07\/Comrads-Maxi-Toys-218x131.png 218w, https:\/\/www.retaildetail.be\/wp-content\/uploads\/2025\/07\/Comrads-Maxi-Toys.png 1920w\" sizes=\"auto, (max-width: 1024px) 100vw, 1024px\" \/><\/figure><\/div>\n\n\n\n<h3 class=\"wp-block-heading\">2\/ GAMECHANGERS<\/h3>\n\n\n\n<p style=\"font-size:16px\">Tijdens het voorprogramma Gamechangers krijg je 4 keynotes voorgeschoteld. Elke spreker brengt een inspirerend verhaal. <\/p>\n\n\n\n<div class=\"wp-block-media-text alignfull is-stacked-on-mobile is-vertically-aligned-center\"><figure class=\"wp-block-media-text__media\"><img loading=\"lazy\" decoding=\"async\" width=\"1024\" height=\"613\" src=\"https:\/\/www.retaildetail.be\/wp-content\/uploads\/2025\/07\/Q8-Xandres-1024x613.png\" alt=\"\" class=\"wp-image-131669 size-full\" srcset=\"https:\/\/www.retaildetail.be\/wp-content\/uploads\/2025\/07\/Q8-Xandres-1024x613.png 1024w, https:\/\/www.retaildetail.be\/wp-content\/uploads\/2025\/07\/Q8-Xandres-300x180.png 300w, https:\/\/www.retaildetail.be\/wp-content\/uploads\/2025\/07\/Q8-Xandres-768x460.png 768w, https:\/\/www.retaildetail.be\/wp-content\/uploads\/2025\/07\/Q8-Xandres-1536x920.png 1536w, https:\/\/www.retaildetail.be\/wp-content\/uploads\/2025\/07\/Q8-Xandres-218x131.png 218w, https:\/\/www.retaildetail.be\/wp-content\/uploads\/2025\/07\/Q8-Xandres.png 1920w\" sizes=\"auto, (max-width: 1024px) 100vw, 1024px\" \/><\/figure><div class=\"wp-block-media-text__content\">\n<p class=\"has-text-align-left\" style=\"font-size:16px\"><strong>Stefanie Grijp<\/strong><\/p>\n\n\n\n<p class=\"has-text-align-left\" style=\"font-size:16px\">Stefanie Grijp is commercieel verantwoordelijke voor de Shop&amp;Go en The Shop winkelformules van <strong>Q8 <\/strong>in Belgi\u00eb en Luxemburg. Ze is zes jaar actief binnen Q8 en staat sinds anderhalf jaar mee aan het roer van een strategische koerswijziging in de retailaanpak van Q8.<\/p>\n\n\n\n<p style=\"font-size:16px\"><strong>Willem Wijnen<\/strong><\/p>\n\n\n\n<p class=\"has-text-align-left\" style=\"font-size:16px\"><strong>Willem Wijnen<\/strong> blikt op de RetailDetail Night terug op zijn eerste jaar als CEO van <strong>Xandres<\/strong>. De Nederlander met een indrukwekkend parcours in de modesector, van The Sting en Men at Work tot Van de Velde, is een <em>gamechanger <\/em>die bij Xandres inzet op tijdloze mode met een lange levensduur \u2013 van het herstelprogramma \u201cRepair &amp; Care\u201d tot de tweedehandsinitiatieven van Xandres Preloved. \u201cWe zijn geen ecomerk,\u201d zegt het bedrijf, \u201cmaar we streven er elke dag naar om het beter te doen.\u201d<\/p>\n\n\n\n<p class=\"has-text-align-left\" style=\"font-size:16px\">De keynote belooft een inspirerende inkijk te bieden in hoe Xandres traditie, vernieuwing en verantwoordelijkheid weet te verbinden in een veranderende modewereld.<\/p>\n<\/div><\/div>\n\n\n\n<div class=\"wp-block-media-text alignfull has-media-on-the-right is-stacked-on-mobile is-vertically-aligned-center\"><div class=\"wp-block-media-text__content\">\n<p class=\"has-text-align-left\" style=\"font-size:16px\"><strong>Eric Spapens<\/strong><\/p>\n\n\n\n<p class=\"has-text-align-left\" style=\"font-size:16px\"><strong>Eric Spapens<\/strong> is Head of Business Development voor <strong>Visa<\/strong> in Belgi\u00eb en Luxemburg, gevestigd in Brussel. Als leider in de betaalindustrie met meer dan tien jaar ervaring helpt hij bedrijven innovatie te omarmen op het gebied van handel en digitale transacties.<br>Bij Visa leidt Eric strategische initiatieven die de samenwerking met handelaars, acquirers, fintechs en financi\u00eble instellingen versterken. Hij begon zijn carri\u00e8re in de detailhandel bij Decathlon, speelde een rol in de digitalisering van consumentenelektronica bij Sony en Orange, en bekleedde eerder leidinggevende functies bij Worldline.<\/p>\n\n\n\n<p class=\"has-text-align-left\" style=\"font-size:16px\"><\/p>\n<\/div><figure class=\"wp-block-media-text__media\"><img loading=\"lazy\" decoding=\"async\" width=\"1024\" height=\"613\" src=\"https:\/\/www.retaildetail.be\/wp-content\/uploads\/2025\/07\/Visa-1-1024x613.png\" alt=\"\" class=\"wp-image-133920 size-full\" srcset=\"https:\/\/www.retaildetail.be\/wp-content\/uploads\/2025\/07\/Visa-1-1024x613.png 1024w, https:\/\/www.retaildetail.be\/wp-content\/uploads\/2025\/07\/Visa-1-300x180.png 300w, https:\/\/www.retaildetail.be\/wp-content\/uploads\/2025\/07\/Visa-1-768x460.png 768w, https:\/\/www.retaildetail.be\/wp-content\/uploads\/2025\/07\/Visa-1-1536x920.png 1536w, https:\/\/www.retaildetail.be\/wp-content\/uploads\/2025\/07\/Visa-1-218x131.png 218w, https:\/\/www.retaildetail.be\/wp-content\/uploads\/2025\/07\/Visa-1.png 1920w\" sizes=\"auto, (max-width: 1024px) 100vw, 1024px\" \/><\/figure><\/div>\n\n\n\n<p style=\"font-size:16px\"><\/p>\n\n\n\n<h1 class=\"wp-block-heading has-text-color\" style=\"color:#ed2724\"><strong>TIMETABLES<\/strong><\/h1>\n\n\n\n<h2 class=\"wp-block-heading has-black-color has-text-color\"><strong>TIMETABLE VOORPROGRAMMA&#8217;S<\/strong><\/h2>\n\n\n\n<p style=\"font-size:16px\"><strong>TIMETABLE PREPROGRAM:&nbsp; FAIL FORWARD&nbsp;<\/strong><\/p>\n\n\n\n<p style=\"font-size:16px\">14h00 \u2013 14h30: Welcome @ Handelsbeurs<br>14h40 \u2013 15h00: Alain Hellebaut<br>15h00 \u2013 15h20: Pascale Switten<br>15h20 \u2013 15h40: Stijn Martens<br>15h40 \u2013 16h20: Break<br>16h20 &#8211; 16h40: Mark MJ Vandevelde<br>16h40 &#8211; 17h20: Panel + Recap<br>17h20 \u2013 18h00: Reception main program<\/p>\n\n\n\n<p><strong>TIMETABLE PREPROGRAM: GAMECHANGERS<\/strong><\/p>\n\n\n\n<p style=\"font-size:16px\">14h00 \u2013 14h30: Welcome @ Handelsbeurs<br>14h40 \u2013 15h10: Q8 &#8211; Stefanie Grijp<br>15h10 \u2013 15h40: Xandres &#8211; Willem Wijnen<br>15h40 \u2013 16h20: Break<br>16h20 \u2013 16h45: RetailDetail &#8211; Jorg Snoeck<br>16h45 \u2013 17h15: Visa &#8211; Eric Spapens<br>17h15 &#8211; 18h00: Reception main program<\/p>\n\n\n\n<h2 class=\"wp-block-heading has-black-color has-text-color\"><strong>TIMETABLE HOOFDPROGRAMMA<\/strong><\/h2>\n\n\n\n<p style=\"font-size:16px\">17h30 \u2013 18h00: Reception<br>18h00 \u2013 18h15: Welcome by Visa<br>18h15 \u2013 18h30: Retail annual review by Gino van Ossel<br>18h30 &#8211; 19h00: Panel debate with MediaMarkt, JBC, Carrefour &amp; Wouter Kolk<br>19h00 \u2013 19h45: precourse<br>19h45 \u2013 20h15: Keynote Trendwolves &#8211; Tom Palmaerts<br>20h15 \u2013 21h00: maincourse<br>21h00 \u2013 21h15: CAF awards: BD Media<br>21h15 \u2013 23h30: walking dessert buffet &amp; networking<\/p>\n\n\n\n<h1 class=\"wp-block-heading has-text-color\" style=\"color:#ed2724\"><strong><strong>PRAKTISCH<\/strong><\/strong><\/h1>\n\n\n\n<p style=\"font-size:16px\"><strong>Datum<\/strong>: donderdag 20 november 2025<\/p>\n\n\n\n<p style=\"font-size:16px\"><strong>Locatie<\/strong>: Handelsbeurs Antwerpen<\/p>\n\n\n\n<p style=\"font-size:16px\"><strong>Adres<\/strong>: Borzestraat 31, 2000 Antwerpen<\/p>\n\n\n\n<p style=\"font-size:16px\"><strong>Aanvangsuur<\/strong>: 14h00<\/p>\n\n\n\n<h1 class=\"wp-block-heading has-text-color\" style=\"color:#ed2724\"><strong><strong>SUPPORTED BY<\/strong><\/strong><\/h1>\n\n\n\n<p><\/p>\n\n\n\n<div class=\"wp-block-columns are-vertically-aligned-center is-layout-flex wp-container-core-columns-is-layout-9d6595d7 wp-block-columns-is-layout-flex\">\n<div class=\"wp-block-column is-vertically-aligned-center is-layout-flow wp-block-column-is-layout-flow\"><div class=\"wp-block-image\">\n<figure class=\"aligncenter size-full\"><a href=\"https:\/\/www.visa.be\/\"><img loading=\"lazy\" decoding=\"async\" width=\"1000\" height=\"320\" src=\"https:\/\/www.retaildetail.be\/wp-content\/uploads\/2025\/01\/Visa_Brandmark_Blue_RGB.png\" alt=\"\" class=\"wp-image-114021\" srcset=\"https:\/\/www.retaildetail.be\/wp-content\/uploads\/2025\/01\/Visa_Brandmark_Blue_RGB.png 1000w, https:\/\/www.retaildetail.be\/wp-content\/uploads\/2025\/01\/Visa_Brandmark_Blue_RGB-300x96.png 300w, https:\/\/www.retaildetail.be\/wp-content\/uploads\/2025\/01\/Visa_Brandmark_Blue_RGB-768x246.png 768w\" sizes=\"auto, (max-width: 1000px) 100vw, 1000px\" \/><\/a><\/figure>\n<\/div><\/div>\n\n\n\n<div class=\"wp-block-column is-vertically-aligned-center is-layout-flow wp-block-column-is-layout-flow\"><\/div>\n\n\n\n<div class=\"wp-block-column is-vertically-aligned-center is-layout-flow wp-block-column-is-layout-flow\"><\/div>\n\n\n\n<div class=\"wp-block-column is-vertically-aligned-center is-layout-flow wp-block-column-is-layout-flow\"><\/div>\n<\/div>\n\n\n\n<h1 class=\"wp-block-heading has-text-color\" style=\"color:#ed2724\"><strong><strong>MET DANK AAN ONZE PARTNERS<\/strong><\/strong><\/h1>\n\n\n\n<div class=\"wp-block-columns are-vertically-aligned-center is-layout-flex wp-container-core-columns-is-layout-9d6595d7 wp-block-columns-is-layout-flex\">\n<div class=\"wp-block-column is-vertically-aligned-center is-layout-flow wp-block-column-is-layout-flow\"><div class=\"wp-block-image\">\n<figure class=\"aligncenter size-full\"><img loading=\"lazy\" decoding=\"async\" width=\"1100\" height=\"484\" src=\"https:\/\/www.retaildetail.be\/wp-content\/uploads\/2025\/07\/Hybrid-Media-logo-250926.png\" alt=\"\" class=\"wp-image-129667\" srcset=\"https:\/\/www.retaildetail.be\/wp-content\/uploads\/2025\/07\/Hybrid-Media-logo-250926.png 1100w, https:\/\/www.retaildetail.be\/wp-content\/uploads\/2025\/07\/Hybrid-Media-logo-250926-300x132.png 300w, https:\/\/www.retaildetail.be\/wp-content\/uploads\/2025\/07\/Hybrid-Media-logo-250926-1024x451.png 1024w, https:\/\/www.retaildetail.be\/wp-content\/uploads\/2025\/07\/Hybrid-Media-logo-250926-768x338.png 768w\" sizes=\"auto, (max-width: 1100px) 100vw, 1100px\" \/><\/figure>\n<\/div><\/div>\n\n\n\n<div class=\"wp-block-column is-vertically-aligned-center is-layout-flow wp-block-column-is-layout-flow\">\n<figure class=\"wp-block-image size-large\"><a href=\"https:\/\/www.bdmedia.be\/nl\"><img loading=\"lazy\" decoding=\"async\" width=\"1024\" height=\"400\" src=\"https:\/\/www.retaildetail.be\/wp-content\/uploads\/2023\/02\/BDMedia-1024x400.png\" alt=\"\" class=\"wp-image-72254\" srcset=\"https:\/\/www.retaildetail.be\/wp-content\/uploads\/2023\/02\/BDMedia-1024x400.png 1024w, https:\/\/www.retaildetail.be\/wp-content\/uploads\/2023\/02\/BDMedia-300x117.png 300w, https:\/\/www.retaildetail.be\/wp-content\/uploads\/2023\/02\/BDMedia-768x300.png 768w, https:\/\/www.retaildetail.be\/wp-content\/uploads\/2023\/02\/BDMedia-1536x600.png 1536w, https:\/\/www.retaildetail.be\/wp-content\/uploads\/2023\/02\/BDMedia.png 1620w\" sizes=\"auto, (max-width: 1024px) 100vw, 1024px\" \/><\/a><\/figure>\n<\/div>\n\n\n\n<div class=\"wp-block-column is-vertically-aligned-center is-layout-flow wp-block-column-is-layout-flow\">\n<figure class=\"wp-block-image size-full\"><img loading=\"lazy\" decoding=\"async\" width=\"1884\" height=\"1067\" src=\"https:\/\/www.retaildetail.be\/wp-content\/uploads\/2025\/07\/FVHJ_2025_Logo_NL_Color_Dark_RGB.jpg\" alt=\"\" class=\"wp-image-133918\" srcset=\"https:\/\/www.retaildetail.be\/wp-content\/uploads\/2025\/07\/FVHJ_2025_Logo_NL_Color_Dark_RGB.jpg 1884w, https:\/\/www.retaildetail.be\/wp-content\/uploads\/2025\/07\/FVHJ_2025_Logo_NL_Color_Dark_RGB-300x170.jpg 300w, https:\/\/www.retaildetail.be\/wp-content\/uploads\/2025\/07\/FVHJ_2025_Logo_NL_Color_Dark_RGB-1024x580.jpg 1024w, https:\/\/www.retaildetail.be\/wp-content\/uploads\/2025\/07\/FVHJ_2025_Logo_NL_Color_Dark_RGB-768x435.jpg 768w, https:\/\/www.retaildetail.be\/wp-content\/uploads\/2025\/07\/FVHJ_2025_Logo_NL_Color_Dark_RGB-1536x870.jpg 1536w\" sizes=\"auto, (max-width: 1884px) 100vw, 1884px\" \/><\/figure>\n<\/div>\n\n\n\n<div class=\"wp-block-column is-vertically-aligned-center is-layout-flow wp-block-column-is-layout-flow\"><div class=\"wp-block-image\">\n<figure class=\"aligncenter size-full\"><a href=\"https:\/\/www.addretail.com\/\"><img loading=\"lazy\" decoding=\"async\" width=\"886\" height=\"886\" src=\"https:\/\/www.retaildetail.be\/wp-content\/uploads\/2024\/03\/Addretail-LOGO_AR_150X150_WEB.jpg\" alt=\"\" class=\"wp-image-105172\" srcset=\"https:\/\/www.retaildetail.be\/wp-content\/uploads\/2024\/03\/Addretail-LOGO_AR_150X150_WEB.jpg 886w, https:\/\/www.retaildetail.be\/wp-content\/uploads\/2024\/03\/Addretail-LOGO_AR_150X150_WEB-300x300.jpg 300w, https:\/\/www.retaildetail.be\/wp-content\/uploads\/2024\/03\/Addretail-LOGO_AR_150X150_WEB-150x150.jpg 150w, https:\/\/www.retaildetail.be\/wp-content\/uploads\/2024\/03\/Addretail-LOGO_AR_150X150_WEB-768x768.jpg 768w, https:\/\/www.retaildetail.be\/wp-content\/uploads\/2024\/03\/Addretail-LOGO_AR_150X150_WEB-73x73.jpg 73w\" sizes=\"auto, (max-width: 886px) 100vw, 886px\" \/><\/a><\/figure>\n<\/div><\/div>\n<\/div>\n\n\n\n<div class=\"wp-block-columns are-vertically-aligned-center is-layout-flex wp-container-core-columns-is-layout-9d6595d7 wp-block-columns-is-layout-flex\">\n<div class=\"wp-block-column is-vertically-aligned-center is-layout-flow wp-block-column-is-layout-flow\"><div class=\"wp-block-image\">\n<figure class=\"aligncenter size-full\"><a href=\"https:\/\/www.jetimport.be\/nl\"><img loading=\"lazy\" decoding=\"async\" width=\"300\" height=\"232\" src=\"https:\/\/www.retaildetail.be\/wp-content\/uploads\/2025\/02\/logo-Jet-Import-scaled-2-2.png\" alt=\"\" class=\"wp-image-116021\"\/><\/a><\/figure>\n<\/div><\/div>\n\n\n\n<div class=\"wp-block-column is-vertically-aligned-center is-layout-flow wp-block-column-is-layout-flow\"><div class=\"wp-block-image\">\n<figure class=\"aligncenter size-full\"><a href=\"ccep.com\" target=\"_blank\" rel=\"noopener\"><img loading=\"lazy\" decoding=\"async\" width=\"3884\" height=\"1176\" src=\"https:\/\/www.retaildetail.be\/wp-content\/uploads\/2023\/06\/CCEP_Horizontal_Logo_RGB_Red.png\" alt=\"\" class=\"wp-image-80389\" srcset=\"https:\/\/www.retaildetail.be\/wp-content\/uploads\/2023\/06\/CCEP_Horizontal_Logo_RGB_Red.png 3884w, https:\/\/www.retaildetail.be\/wp-content\/uploads\/2023\/06\/CCEP_Horizontal_Logo_RGB_Red-300x91.png 300w, https:\/\/www.retaildetail.be\/wp-content\/uploads\/2023\/06\/CCEP_Horizontal_Logo_RGB_Red-1024x310.png 1024w, https:\/\/www.retaildetail.be\/wp-content\/uploads\/2023\/06\/CCEP_Horizontal_Logo_RGB_Red-768x233.png 768w, https:\/\/www.retaildetail.be\/wp-content\/uploads\/2023\/06\/CCEP_Horizontal_Logo_RGB_Red-1536x465.png 1536w, https:\/\/www.retaildetail.be\/wp-content\/uploads\/2023\/06\/CCEP_Horizontal_Logo_RGB_Red-2048x620.png 2048w\" sizes=\"auto, (max-width: 3884px) 100vw, 3884px\" \/><\/a><\/figure>\n<\/div><\/div>\n\n\n\n<div class=\"wp-block-column is-vertically-aligned-center is-layout-flow wp-block-column-is-layout-flow\"><div class=\"wp-block-image\">\n<figure class=\"aligncenter size-full\"><a href=\"https:\/\/www.hubo.be\/nl.html\" target=\"_blank\" rel=\"noopener\"><img loading=\"lazy\" decoding=\"async\" width=\"783\" height=\"306\" src=\"https:\/\/www.retaildetail.be\/wp-content\/uploads\/2022\/09\/Hubo_Belgique_logo-2.png\" alt=\"\" class=\"wp-image-63042\" srcset=\"https:\/\/www.retaildetail.be\/wp-content\/uploads\/2022\/09\/Hubo_Belgique_logo-2.png 783w, https:\/\/www.retaildetail.be\/wp-content\/uploads\/2022\/09\/Hubo_Belgique_logo-2-300x117.png 300w, https:\/\/www.retaildetail.be\/wp-content\/uploads\/2022\/09\/Hubo_Belgique_logo-2-768x300.png 768w\" sizes=\"auto, (max-width: 783px) 100vw, 783px\" \/><\/a><\/figure>\n<\/div><\/div>\n\n\n\n<div class=\"wp-block-column is-vertically-aligned-center is-layout-flow wp-block-column-is-layout-flow\"><div class=\"wp-block-image\">\n<figure class=\"aligncenter size-full\"><a href=\"https:\/\/www.duvel.com\/\" target=\"_blank\" rel=\"noopener\"><img loading=\"lazy\" decoding=\"async\" width=\"300\" height=\"138\" src=\"https:\/\/www.retaildetail.be\/wp-content\/uploads\/2022\/09\/Duvel_Logo-1-2.png\" alt=\"\" class=\"wp-image-63092\"\/><\/a><\/figure>\n<\/div><\/div>\n<\/div>\n\n\n\n<div style=\"height:20px\" aria-hidden=\"true\" class=\"wp-block-spacer\"><\/div>\n\n\n<div class=\"wp-block-image\">\n<figure class=\"aligncenter size-full\"><a href=\"https:\/\/www.retaildetail.be\/nl\/event-partnerships-2024\/\"><img loading=\"lazy\" decoding=\"async\" width=\"1290\" height=\"200\" src=\"https:\/\/www.retaildetail.be\/wp-content\/uploads\/2024\/03\/partner-NL-1.png\" alt=\"\" class=\"wp-image-96129\" srcset=\"https:\/\/www.retaildetail.be\/wp-content\/uploads\/2024\/03\/partner-NL-1.png 1290w, https:\/\/www.retaildetail.be\/wp-content\/uploads\/2024\/03\/partner-NL-1-300x47.png 300w, https:\/\/www.retaildetail.be\/wp-content\/uploads\/2024\/03\/partner-NL-1-1024x159.png 1024w, https:\/\/www.retaildetail.be\/wp-content\/uploads\/2024\/03\/partner-NL-1-768x119.png 768w\" sizes=\"auto, (max-width: 1290px) 100vw, 1290px\" \/><\/a><\/figure>\n<\/div>","protected":false},"excerpt":{"rendered":"<p>Op donderdag 20 november organiseert RetailDetail de dertiende editie van de RetailDetail Night, h\u00e9t jaarlijkse eindejaarsfeest van de retailsector in de Benelux. In een notendop: HOE KUNT U ERBIJ ZIJN? HERBEKIJK DE AFTERMOVIE 2024 Bestel hier je tickets of tafel: HOOFDPROGRAMMA Tijdens deze editie brengen we u een hoofdprogramma met gerenommeerde sprekers uit de retail [&hellip;]<\/p>\n","protected":false},"featured_media":125166,"parent":0,"menu_order":0,"template":"","categories":[],"tags":[],"class_list":["post-124086","event","type-event","status-publish","has-post-thumbnail","hentry"],"acf":[],"yoast_head":"<!-- This site is optimized with the Yoast SEO plugin v27.3 - https:\/\/yoast.com\/product\/yoast-seo-wordpress\/ -->\n<title>RETAILDETAIL NIGHT 2025 - RetailDetail BE<\/title>\n<meta name=\"robots\" content=\"index, follow, max-snippet:-1, max-image-preview:large, max-video-preview:-1\" \/>\n<link rel=\"canonical\" href=\"https:\/\/www.retaildetail.be\/nl\/retail-events\/retaildetail-night-2025\/\" \/>\n<meta property=\"og:locale\" content=\"nl_NL\" \/>\n<meta property=\"og:type\" content=\"article\" \/>\n<meta property=\"og:title\" content=\"RETAILDETAIL NIGHT 2025 - RetailDetail BE\" \/>\n<meta property=\"og:description\" content=\"Op donderdag 20 november organiseert RetailDetail de dertiende editie van de RetailDetail Night, h\u00e9t jaarlijkse eindejaarsfeest van de retailsector in de Benelux. In een notendop: HOE KUNT U ERBIJ ZIJN? HERBEKIJK DE AFTERMOVIE 2024 Bestel hier je tickets of tafel: HOOFDPROGRAMMA Tijdens deze editie brengen we u een hoofdprogramma met gerenommeerde sprekers uit de retail [&hellip;]\" \/>\n<meta property=\"og:url\" content=\"https:\/\/www.retaildetail.be\/nl\/retail-events\/retaildetail-night-2025\/\" \/>\n<meta property=\"og:site_name\" content=\"RetailDetail BE\" \/>\n<meta property=\"article:modified_time\" content=\"2025-11-14T11:36:22+00:00\" \/>\n<meta property=\"og:image\" content=\"https:\/\/www.retaildetail.be\/wp-content\/uploads\/2025\/07\/250812-Eventpage-1024x696.png\" \/>\n\t<meta property=\"og:image:width\" content=\"1024\" \/>\n\t<meta property=\"og:image:height\" content=\"696\" \/>\n\t<meta property=\"og:image:type\" content=\"image\/png\" \/>\n<meta name=\"twitter:card\" content=\"summary_large_image\" \/>\n<meta name=\"twitter:label1\" content=\"Geschatte leestijd\" \/>\n\t<meta name=\"twitter:data1\" content=\"8 minuten\" \/>\n<script type=\"application\/ld+json\" class=\"yoast-schema-graph\">{\"@context\":\"https:\\\/\\\/schema.org\",\"@graph\":[{\"@type\":\"WebPage\",\"@id\":\"https:\\\/\\\/www.retaildetail.be\\\/nl\\\/retail-events\\\/retaildetail-night-2025\\\/\",\"url\":\"https:\\\/\\\/www.retaildetail.be\\\/nl\\\/retail-events\\\/retaildetail-night-2025\\\/\",\"name\":\"RETAILDETAIL NIGHT 2025 - RetailDetail BE\",\"isPartOf\":{\"@id\":\"https:\\\/\\\/www.retaildetail.be\\\/nl\\\/#website\"},\"primaryImageOfPage\":{\"@id\":\"https:\\\/\\\/www.retaildetail.be\\\/nl\\\/retail-events\\\/retaildetail-night-2025\\\/#primaryimage\"},\"image\":{\"@id\":\"https:\\\/\\\/www.retaildetail.be\\\/nl\\\/retail-events\\\/retaildetail-night-2025\\\/#primaryimage\"},\"thumbnailUrl\":\"https:\\\/\\\/www.retaildetail.be\\\/wp-content\\\/uploads\\\/2025\\\/07\\\/250812-Eventpage.png\",\"datePublished\":\"2025-07-31T20:39:00+00:00\",\"dateModified\":\"2025-11-14T11:36:22+00:00\",\"breadcrumb\":{\"@id\":\"https:\\\/\\\/www.retaildetail.be\\\/nl\\\/retail-events\\\/retaildetail-night-2025\\\/#breadcrumb\"},\"inLanguage\":\"nl-NL\",\"potentialAction\":[{\"@type\":\"ReadAction\",\"target\":[\"https:\\\/\\\/www.retaildetail.be\\\/nl\\\/retail-events\\\/retaildetail-night-2025\\\/\"]}]},{\"@type\":\"ImageObject\",\"inLanguage\":\"nl-NL\",\"@id\":\"https:\\\/\\\/www.retaildetail.be\\\/nl\\\/retail-events\\\/retaildetail-night-2025\\\/#primaryimage\",\"url\":\"https:\\\/\\\/www.retaildetail.be\\\/wp-content\\\/uploads\\\/2025\\\/07\\\/250812-Eventpage.png\",\"contentUrl\":\"https:\\\/\\\/www.retaildetail.be\\\/wp-content\\\/uploads\\\/2025\\\/07\\\/250812-Eventpage.png\",\"width\":2560,\"height\":1740},{\"@type\":\"BreadcrumbList\",\"@id\":\"https:\\\/\\\/www.retaildetail.be\\\/nl\\\/retail-events\\\/retaildetail-night-2025\\\/#breadcrumb\",\"itemListElement\":[{\"@type\":\"ListItem\",\"position\":1,\"name\":\"Home\",\"item\":\"https:\\\/\\\/www.retaildetail.be\\\/nl\\\/\"},{\"@type\":\"ListItem\",\"position\":2,\"name\":\"Events\",\"item\":\"https:\\\/\\\/www.retaildetail.be\\\/nl\\\/retail-events\\\/\"},{\"@type\":\"ListItem\",\"position\":3,\"name\":\"RETAILDETAIL NIGHT 2025\"}]},{\"@type\":\"WebSite\",\"@id\":\"https:\\\/\\\/www.retaildetail.be\\\/nl\\\/#website\",\"url\":\"https:\\\/\\\/www.retaildetail.be\\\/nl\\\/\",\"name\":\"RetailDetail BE\",\"description\":\"News\",\"publisher\":{\"@id\":\"https:\\\/\\\/www.retaildetail.be\\\/nl\\\/#organization\"},\"potentialAction\":[{\"@type\":\"SearchAction\",\"target\":{\"@type\":\"EntryPoint\",\"urlTemplate\":\"https:\\\/\\\/www.retaildetail.be\\\/nl\\\/?s={search_term_string}\"},\"query-input\":{\"@type\":\"PropertyValueSpecification\",\"valueRequired\":true,\"valueName\":\"search_term_string\"}}],\"inLanguage\":\"nl-NL\"},{\"@type\":\"Organization\",\"@id\":\"https:\\\/\\\/www.retaildetail.be\\\/nl\\\/#organization\",\"name\":\"RetailDetail BE\",\"url\":\"https:\\\/\\\/www.retaildetail.be\\\/nl\\\/\",\"logo\":{\"@type\":\"ImageObject\",\"inLanguage\":\"nl-NL\",\"@id\":\"https:\\\/\\\/www.retaildetail.be\\\/nl\\\/#\\\/schema\\\/logo\\\/image\\\/\",\"url\":\"https:\\\/\\\/www.retaildetail.be\\\/wp-content\\\/uploads\\\/2022\\\/04\\\/logo.svg\",\"contentUrl\":\"https:\\\/\\\/www.retaildetail.be\\\/wp-content\\\/uploads\\\/2022\\\/04\\\/logo.svg\",\"width\":131,\"height\":70,\"caption\":\"RetailDetail BE\"},\"image\":{\"@id\":\"https:\\\/\\\/www.retaildetail.be\\\/nl\\\/#\\\/schema\\\/logo\\\/image\\\/\"}}]}<\/script>\n<!-- \/ Yoast SEO plugin. -->","yoast_head_json":{"title":"RETAILDETAIL NIGHT 2025 - RetailDetail BE","robots":{"index":"index","follow":"follow","max-snippet":"max-snippet:-1","max-image-preview":"max-image-preview:large","max-video-preview":"max-video-preview:-1"},"canonical":"https:\/\/www.retaildetail.be\/nl\/retail-events\/retaildetail-night-2025\/","og_locale":"nl_NL","og_type":"article","og_title":"RETAILDETAIL NIGHT 2025 - RetailDetail BE","og_description":"Op donderdag 20 november organiseert RetailDetail de dertiende editie van de RetailDetail Night, h\u00e9t jaarlijkse eindejaarsfeest van de retailsector in de Benelux. In een notendop: HOE KUNT U ERBIJ ZIJN? HERBEKIJK DE AFTERMOVIE 2024 Bestel hier je tickets of tafel: HOOFDPROGRAMMA Tijdens deze editie brengen we u een hoofdprogramma met gerenommeerde sprekers uit de retail [&hellip;]","og_url":"https:\/\/www.retaildetail.be\/nl\/retail-events\/retaildetail-night-2025\/","og_site_name":"RetailDetail BE","article_modified_time":"2025-11-14T11:36:22+00:00","og_image":[{"width":1024,"height":696,"url":"https:\/\/www.retaildetail.be\/wp-content\/uploads\/2025\/07\/250812-Eventpage-1024x696.png","type":"image\/png"}],"twitter_card":"summary_large_image","twitter_misc":{"Geschatte leestijd":"8 minuten"},"schema":{"@context":"https:\/\/schema.org","@graph":[{"@type":"WebPage","@id":"https:\/\/www.retaildetail.be\/nl\/retail-events\/retaildetail-night-2025\/","url":"https:\/\/www.retaildetail.be\/nl\/retail-events\/retaildetail-night-2025\/","name":"RETAILDETAIL NIGHT 2025 - RetailDetail BE","isPartOf":{"@id":"https:\/\/www.retaildetail.be\/nl\/#website"},"primaryImageOfPage":{"@id":"https:\/\/www.retaildetail.be\/nl\/retail-events\/retaildetail-night-2025\/#primaryimage"},"image":{"@id":"https:\/\/www.retaildetail.be\/nl\/retail-events\/retaildetail-night-2025\/#primaryimage"},"thumbnailUrl":"https:\/\/www.retaildetail.be\/wp-content\/uploads\/2025\/07\/250812-Eventpage.png","datePublished":"2025-07-31T20:39:00+00:00","dateModified":"2025-11-14T11:36:22+00:00","breadcrumb":{"@id":"https:\/\/www.retaildetail.be\/nl\/retail-events\/retaildetail-night-2025\/#breadcrumb"},"inLanguage":"nl-NL","potentialAction":[{"@type":"ReadAction","target":["https:\/\/www.retaildetail.be\/nl\/retail-events\/retaildetail-night-2025\/"]}]},{"@type":"ImageObject","inLanguage":"nl-NL","@id":"https:\/\/www.retaildetail.be\/nl\/retail-events\/retaildetail-night-2025\/#primaryimage","url":"https:\/\/www.retaildetail.be\/wp-content\/uploads\/2025\/07\/250812-Eventpage.png","contentUrl":"https:\/\/www.retaildetail.be\/wp-content\/uploads\/2025\/07\/250812-Eventpage.png","width":2560,"height":1740},{"@type":"BreadcrumbList","@id":"https:\/\/www.retaildetail.be\/nl\/retail-events\/retaildetail-night-2025\/#breadcrumb","itemListElement":[{"@type":"ListItem","position":1,"name":"Home","item":"https:\/\/www.retaildetail.be\/nl\/"},{"@type":"ListItem","position":2,"name":"Events","item":"https:\/\/www.retaildetail.be\/nl\/retail-events\/"},{"@type":"ListItem","position":3,"name":"RETAILDETAIL NIGHT 2025"}]},{"@type":"WebSite","@id":"https:\/\/www.retaildetail.be\/nl\/#website","url":"https:\/\/www.retaildetail.be\/nl\/","name":"RetailDetail BE","description":"News","publisher":{"@id":"https:\/\/www.retaildetail.be\/nl\/#organization"},"potentialAction":[{"@type":"SearchAction","target":{"@type":"EntryPoint","urlTemplate":"https:\/\/www.retaildetail.be\/nl\/?s={search_term_string}"},"query-input":{"@type":"PropertyValueSpecification","valueRequired":true,"valueName":"search_term_string"}}],"inLanguage":"nl-NL"},{"@type":"Organization","@id":"https:\/\/www.retaildetail.be\/nl\/#organization","name":"RetailDetail BE","url":"https:\/\/www.retaildetail.be\/nl\/","logo":{"@type":"ImageObject","inLanguage":"nl-NL","@id":"https:\/\/www.retaildetail.be\/nl\/#\/schema\/logo\/image\/","url":"https:\/\/www.retaildetail.be\/wp-content\/uploads\/2022\/04\/logo.svg","contentUrl":"https:\/\/www.retaildetail.be\/wp-content\/uploads\/2022\/04\/logo.svg","width":131,"height":70,"caption":"RetailDetail BE"},"image":{"@id":"https:\/\/www.retaildetail.be\/nl\/#\/schema\/logo\/image\/"}}]}},"jetpack_sharing_enabled":true,"_links":{"self":[{"href":"https:\/\/www.retaildetail.be\/nl\/wp-json\/wp\/v2\/event\/124086","targetHints":{"allow":["GET"]}}],"collection":[{"href":"https:\/\/www.retaildetail.be\/nl\/wp-json\/wp\/v2\/event"}],"about":[{"href":"https:\/\/www.retaildetail.be\/nl\/wp-json\/wp\/v2\/types\/event"}],"version-history":[{"count":32,"href":"https:\/\/www.retaildetail.be\/nl\/wp-json\/wp\/v2\/event\/124086\/revisions"}],"predecessor-version":[{"id":134661,"href":"https:\/\/www.retaildetail.be\/nl\/wp-json\/wp\/v2\/event\/124086\/revisions\/134661"}],"wp:featuredmedia":[{"embeddable":true,"href":"https:\/\/www.retaildetail.be\/nl\/wp-json\/wp\/v2\/media\/125166"}],"wp:attachment":[{"href":"https:\/\/www.retaildetail.be\/nl\/wp-json\/wp\/v2\/media?parent=124086"}],"wp:term":[{"taxonomy":"category","embeddable":true,"href":"https:\/\/www.retaildetail.be\/nl\/wp-json\/wp\/v2\/categories?post=124086"},{"taxonomy":"post_tag","embeddable":true,"href":"https:\/\/www.retaildetail.be\/nl\/wp-json\/wp\/v2\/tags?post=124086"}],"curies":[{"name":"wp","href":"https:\/\/api.w.org\/{rel}","templated":true}]}}